{"id":47203,"date":"2025-03-20T11:31:30","date_gmt":"2025-03-20T11:31:30","guid":{"rendered":"https:\/\/staging.elcoline.fi\/meille-toihin\/"},"modified":"2025-10-24T10:51:08","modified_gmt":"2025-10-24T10:51:08","slug":"meille-toihin","status":"publish","type":"page","link":"https:\/\/elcoline.com\/fi\/meille-toihin\/","title":{"rendered":"Meille t\u00f6ihin"},"content":{"rendered":"\n<div class=\"wp-block-cover is-light hero has-base-color has-text-color has-link-color wp-elements-187d87acf874c7e9502066b7d06e51ba\"><span aria-hidden=\"true\" class=\"wp-block-cover__background has-background-dim\" style=\"background-color:#FFF\"><\/span><img loading=\"lazy\" decoding=\"async\" width=\"2000\" height=\"1333\" src=\"https:\/\/elcoline.com\/wp-content\/uploads\/2025\/06\/careers.webp\" class=\"wp-block-cover__image-background wp-post-image\" alt=\"\" data-object-fit=\"cover\" srcset=\"https:\/\/elcoline.com\/wp-content\/uploads\/2025\/06\/careers.webp 2000w, https:\/\/elcoline.com\/wp-content\/uploads\/2025\/06\/careers-300x200.webp 300w, https:\/\/elcoline.com\/wp-content\/uploads\/2025\/06\/careers-1024x682.webp 1024w, https:\/\/elcoline.com\/wp-content\/uploads\/2025\/06\/careers-768x512.webp 768w, https:\/\/elcoline.com\/wp-content\/uploads\/2025\/06\/careers-1536x1024.webp 1536w\" sizes=\"auto, (max-width: 2000px) 100vw, 2000px\" \/><div class=\"wp-block-cover__inner-container is-layout-flow wp-block-cover-is-layout-flow\">\n<h2 class=\"wp-block-heading\">Meille t\u00f6ihin<\/h2>\n\n\n\n<div class=\"wp-block-columns is-layout-flex wp-container-core-columns-is-layout-28f84493 wp-block-columns-is-layout-flex\">\n<div class=\"wp-block-column is-layout-flow wp-block-column-is-layout-flow\">\n<h1 class=\"wp-block-heading\">Tule pit\u00e4m\u00e4\u00e4n teollisuus kunnossa \u2013 liity Elcolinelle!<\/h1>\n<\/div>\n\n\n\n<div class=\"wp-block-column is-layout-flow wp-block-column-is-layout-flow\">\n<p>Elcoline on pohjoismainen kasvuyhti\u00f6, joka tarjoaa teknisi\u00e4 palveluita teollisuuden alan asiakkaille Suomessa, Ruotsissa ja kansainv\u00e4lisesti. Palvelumme kattavat asennustoiminnan, kunnossapidon, huollon, valmistuspalvelut sek\u00e4 vaativat tekniset ratkaisut ja asiantuntijapalvelut. Meill\u00e4 ty\u00f6skentelee jo noin 1000 teollisuuden alan huippuammattilaista \u2013 haluaisitko sin\u00e4 olla yksi heist\u00e4?<\/p>\n<\/div>\n<\/div>\n<\/div><\/div>\n\n\n\n<div class=\"wp-block-group is-style-section-4 is-layout-flow wp-block-group-is-layout-flow is-style-section-4--1\" style=\"padding-top:3rem;padding-bottom:6rem\">\n<div class=\"wp-block-columns is-layout-flex wp-container-core-columns-is-layout-24ff099c wp-block-columns-is-layout-flex\" style=\"margin-bottom:var(--wp--preset--spacing--60);padding-top:0;padding-bottom:0\">\n<div class=\"wp-block-column is-layout-flow wp-block-column-is-layout-flow\">\n<h2 class=\"wp-block-heading\">Elcoline ty\u00f6paikkana<\/h2>\n<\/div>\n\n\n\n<div class=\"wp-block-column is-layout-flow wp-block-column-is-layout-flow\">\n<p class=\"has-large-font-size\">Me Elcolinella uskomme, ett\u00e4 sitoutuneet ja hyvinvoivat ty\u00f6ntekij\u00e4t ovat menestyksemme ytimess\u00e4. Siksi panostamme aidosti ty\u00f6hyvinvointiin, osaamisen kehitt\u00e4miseen ja urapolkujen tukemiseen.<\/p>\n\n\n\n<p><\/p>\n<\/div>\n<\/div>\n\n\n\n<div class=\"wp-block-group alignwide vertical-lines is-layout-grid wp-container-core-group-is-layout-4f737150 wp-block-group-is-layout-grid\" style=\"margin-top:0;margin-bottom:0;padding-top:0;padding-right:0;padding-bottom:0;padding-left:0\">\n<p><strong>Merkityksellist\u00e4 ty\u00f6t\u00e4<\/strong><br><br>Pid\u00e4mme teollisuuden kunnossa \u2013 ja sit\u00e4 kautta koko yhteiskunnan kunnossa.<\/p>\n\n\n\n<p class=\"wp-container-content-6459b8ee\"><strong>Mahdollisuuksia kehitty\u00e4<\/strong><br><br>Tuemme kouluttautumista ja uralla etenemist\u00e4. Kansainv\u00e4liset projektimme voivat vied\u00e4 sinut ulkomaille \u2013 jopa maailmanlaajuisesti.<\/p>\n\n\n\n<p class=\"wp-container-content-6459b8ee\"><strong>Ammattiylpeytt\u00e4<\/strong><br><br>Meill\u00e4 tehd\u00e4\u00e4n laadukasta ja turvallista ty\u00f6t\u00e4, josta voi olla ylpe\u00e4.<br><\/p>\n\n\n\n<p class=\"wp-container-content-6459b8ee\"><strong>Rehellist\u00e4 ja sujuvaa yhteisty\u00f6t\u00e4<\/strong><br><br>Lupaukset pidet\u00e4\u00e4n ja asiakkaalle tehd\u00e4\u00e4n asiat helpoksi. Elcolinella vallitsee joustava &#8221;kyll\u00e4 hoituu&#8221; -asenne, joka n\u00e4kyy niin asiakasty\u00f6ss\u00e4 kuin tiimien sis\u00e4isess\u00e4 yhteisty\u00f6ss\u00e4.<br><\/p>\n\n\n\n<p class=\"wp-container-content-6459b8ee\"><strong>Monipuolisia urapolkuja<\/strong><br><br>Voit ty\u00f6skennell\u00e4 asennus- ja kunnossapitoteht\u00e4viss\u00e4 tai kehitty\u00e4 asiantuntijaksi esimerkiksi projektinhallinnan, kunnonvalvonnan tai s\u00e4hk\u00f6j\u00e4rjestelmien parissa.<\/p>\n\n\n\n<p class=\"wp-container-content-6459b8ee\"><strong><strong>Elcolinella rehellisyys on keskeinen arvo<\/strong><\/strong><br><br>Elcolinella rehellisyys on keskeinen osa ty\u00f6yhteis\u00f6n ajattelutapaa \u2013 tiimi pit\u00e4\u00e4 sen mink\u00e4 lupaa ja lupaa vain sen, mink\u00e4 voi pit\u00e4\u00e4. T\u00e4m\u00e4 luo luottamusta ja rakentaa kest\u00e4vi\u00e4 asiakas- ja ty\u00f6suhteita.<\/p>\n<\/div>\n<\/div>\n\n\n\n<div class=\"wp-block-columns is-style-section-3 is-layout-flex wp-container-core-columns-is-layout-1e297cbc wp-block-columns-is-layout-flex is-style-section-3--2\" style=\"padding-top:var(--wp--preset--spacing--70);padding-bottom:var(--wp--preset--spacing--70)\">\n<div class=\"wp-block-column is-layout-flow wp-block-column-is-layout-flow\" style=\"padding-right:3rem;padding-left:0\">\n<h2 class=\"wp-block-heading\">Meill\u00e4 arvostetaan laatua, turvallisuutta ja tekemisen meininki\u00e4 \u2013 ja sit\u00e4, ett\u00e4 jokainen voi olla oma itsens\u00e4.<\/h2>\n\n\n\n<p>Arvostamme my\u00f6s kyky\u00e4si ty\u00f6skennell\u00e4 teollisuusymp\u00e4rist\u00f6ss\u00e4, vahvaa turvallisuustietoisuutta, halukkuutta matkustaa sek\u00e4 joustavaa ja yhteisty\u00f6kykyist\u00e4 asennetta.<\/p>\n\n\n\n<p>Meill\u00e4 ty\u00f6t\u00e4 tehd\u00e4\u00e4n sek\u00e4 tiimeiss\u00e4 ett\u00e4 itsen\u00e4isesti \u2013 kohteista ja teht\u00e4vist\u00e4 riippuen.<\/p>\n<\/div>\n\n\n\n<div class=\"wp-block-column is-layout-flow wp-block-column-is-layout-flow\">\n<figure class=\"wp-block-image size-large\"><img loading=\"lazy\" decoding=\"async\" width=\"1024\" height=\"576\" src=\"https:\/\/elcoline.com\/wp-content\/uploads\/2025\/06\/careers_2-1024x576.webp\" alt=\"\" class=\"wp-image-1003\" style=\"aspect-ratio:4\/3;object-fit:cover\" srcset=\"https:\/\/elcoline.com\/wp-content\/uploads\/2025\/06\/careers_2-1024x576.webp 1024w, https:\/\/elcoline.com\/wp-content\/uploads\/2025\/06\/careers_2-300x169.webp 300w, https:\/\/elcoline.com\/wp-content\/uploads\/2025\/06\/careers_2-768x432.webp 768w, https:\/\/elcoline.com\/wp-content\/uploads\/2025\/06\/careers_2-1536x864.webp 1536w, https:\/\/elcoline.com\/wp-content\/uploads\/2025\/06\/careers_2-2048x1152.webp 2048w\" sizes=\"auto, (max-width: 1024px) 100vw, 1024px\" \/><\/figure>\n<\/div>\n<\/div>\n\n\n\n<div class=\"wp-block-group is-style-section-2 is-layout-flow wp-block-group-is-layout-flow is-style-section-2--3\" style=\"margin-top:0;margin-bottom:0;padding-top:var(--wp--preset--spacing--60);padding-bottom:var(--wp--preset--spacing--60)\">\n<div class=\"wp-block-columns is-layout-flex wp-container-core-columns-is-layout-a7779b13 wp-block-columns-is-layout-flex\" style=\"margin-bottom:3rem;padding-top:3rem;padding-bottom:3rem\">\n<div class=\"wp-block-column is-layout-flow wp-block-column-is-layout-flow\" style=\"padding-right:var(--wp--preset--spacing--70)\">\n<h2 class=\"wp-block-heading\">Millaisia osaajia etsimme?<\/h2>\n\n\n\n<p class=\"has-large-font-size\">Etsimme sek\u00e4 uransa alkuvaiheessa olevia ett\u00e4 kokeneita teollisuuden alan ammattilaisia. <\/p>\n\n\n\n<p class=\"has-large-font-size\">Meill\u00e4 on tarjolla mahdollisuuksia monilla eri osa-alueilla, kuten:<\/p>\n<\/div>\n\n\n\n<div class=\"wp-block-column is-layout-flow wp-block-column-is-layout-flow\">\n<iframe loading=\"lazy\" width=\"560\" height=\"315\" src=\"https:\/\/www.youtube.com\/embed\/Vg59sSrK6S0?si=ASpcjkkwV7Y7eOKb\" title=\"YouTube video player\" frameborder=\"0\" allow=\"accelerometer; autoplay; clipboard-write; encrypted-media; gyroscope; picture-in-picture; web-share\" referrerpolicy=\"strict-origin-when-cross-origin\" allowfullscreen><\/iframe>\n<\/div>\n<\/div>\n\n\n\n<h3 class=\"wp-block-heading has-custom-growth-green-color has-text-color has-link-color wp-elements-d92a120087e8de4e72014ae113ff830c\">Asennus ja automaatio<\/h3>\n\n\n\n<div class=\"wp-block-group vertical-lines is-layout-grid wp-container-core-group-is-layout-478b6e6b wp-block-group-is-layout-grid\">\n<p>S\u00e4hk\u00f6- ja automaatioty\u00f6t<\/p>\n\n\n\n<p>Mekaaniset asennukset ja hitsaus<\/p>\n\n\n\n<p>LVI- ja putkity\u00f6t<\/p>\n\n\n\n<p>Instrumentointi ja prosessimittaukset<\/p>\n<\/div>\n\n\n\n<div style=\"height:27px\" aria-hidden=\"true\" class=\"wp-block-spacer\"><\/div>\n\n\n\n<hr class=\"wp-block-separator has-alpha-channel-opacity\"\/>\n\n\n\n<h3 class=\"wp-block-heading has-custom-growth-green-color has-text-color has-link-color wp-elements-294a61e4ad53d0036b65c2b4c0d0af00\">Kunnossapito ja tuotannon tukitoimet<\/h3>\n\n\n\n<div class=\"wp-block-group vertical-lines is-layout-grid wp-container-core-group-is-layout-478b6e6b wp-block-group-is-layout-grid\">\n<p>Kunnossapito ja k\u00e4ytt\u00f6varmuus<\/p>\n\n\n\n<p>Kunnonvalvonta ja vianetsint\u00e4<\/p>\n\n\n\n<p>Turbiini- ja generaattoripalvelut<\/p>\n\n\n\n<p>Generaattoreiden staattoreiden ja roottoreiden uudelleenk\u00e4\u00e4mitykset ja vaihdot<\/p>\n\n\n\n<p>L\u00e4mm\u00f6nvaihtimien valmistus, huolto ja modernisointi<\/p>\n<\/div>\n\n\n\n<div style=\"height:27px\" aria-hidden=\"true\" class=\"wp-block-spacer\"><\/div>\n\n\n\n<hr class=\"wp-block-separator has-alpha-channel-opacity\"\/>\n\n\n\n<h3 class=\"wp-block-heading has-custom-growth-green-color has-text-color has-link-color wp-elements-bfadafc8fcc0397f0a5e88d1f0499092\">J\u00e4rjestelm\u00e4t ja valvonta<\/h3>\n\n\n\n<div class=\"wp-block-group vertical-lines is-layout-grid wp-container-core-group-is-layout-478b6e6b wp-block-group-is-layout-grid\">\n<p>S\u00e4hk\u00f6j\u00e4rjestelmien valvonta (S1-p\u00e4tevyys)<\/p>\n\n\n\n<p>Paloturvallisuusj\u00e4rjestelmien asiantuntemus<\/p>\n\n\n\n<p>Tiedonkeruu, analysointi ja j\u00e4rjestelmien seuranta<\/p>\n\n\n\n<p>Voimalaitosten suojaus- ja ohjausj\u00e4rjestelmien modernisointi<\/p>\n<\/div>\n\n\n\n<div style=\"height:27px\" aria-hidden=\"true\" class=\"wp-block-spacer\"><\/div>\n\n\n\n<hr class=\"wp-block-separator has-alpha-channel-opacity\"\/>\n\n\n\n<div class=\"wp-block-columns is-layout-flex wp-container-core-columns-is-layout-28f84493 wp-block-columns-is-layout-flex\">\n<div class=\"wp-block-column is-layout-flow wp-block-column-is-layout-flow\">\n<h3 class=\"wp-block-heading has-custom-growth-green-color has-text-color has-link-color wp-elements-92fc0cd84f939b0f46e00150b16c549d\">Projektien ja ty\u00f6maiden johtaminen<\/h3>\n\n\n\n<div class=\"wp-block-group vertical-lines is-layout-grid wp-container-core-group-is-layout-478b6e6b wp-block-group-is-layout-grid\">\n<p>Projektinhallinta<\/p>\n\n\n\n<p>Ty\u00f6maavalvonta<\/p>\n<\/div>\n<\/div>\n\n\n\n<div class=\"wp-block-column is-layout-flow wp-block-column-is-layout-flow\">\n<h3 class=\"wp-block-heading has-custom-growth-green-color has-text-color has-link-color wp-elements-01e34aaeaafac47c7d414a383cb5fb59\">Ty\u00f6pajatoiminta ja valmistus<\/h3>\n\n\n\n<div class=\"wp-block-group vertical-lines is-layout-grid wp-container-core-group-is-layout-478b6e6b wp-block-group-is-layout-grid\">\n<p>Konepajatoiminnot ja valmistuspalvelut<\/p>\n\n\n\n<p>Esivalmistetut putkistot<\/p>\n<\/div>\n<\/div>\n<\/div>\n\n\n\n<div style=\"height:27px\" aria-hidden=\"true\" class=\"wp-block-spacer\"><\/div>\n\n\n\n<hr class=\"wp-block-separator has-alpha-channel-opacity\"\/>\n\n\n\n<h3 class=\"wp-block-heading has-custom-growth-green-color has-text-color has-link-color wp-elements-d4828fa4bc2a7f794fc7da5ff6d9005a\">Etsimme ammattilaisia eri rooleihin<\/h3>\n\n\n\n<div class=\"wp-block-group vertical-lines is-layout-grid wp-container-core-group-is-layout-478b6e6b wp-block-group-is-layout-grid\">\n<p>Asentajia<\/p>\n\n\n\n<p>Kunnossapidon ammattilaisia<\/p>\n\n\n\n<p>Insin\u00f6\u00f6rej\u00e4<\/p>\n\n\n\n<p>Teollisuuden asiantuntijoita<\/p>\n\n\n\n<p>Liiketoiminnan tukiteht\u00e4vien osaajia<\/p>\n<\/div>\n<\/div>\n\n\n\n<div class=\"wp-block-columns is-not-stacked-on-mobile is-style-section-3 is-layout-flex wp-container-core-columns-is-layout-85518bf0 wp-block-columns-is-layout-flex is-style-section-3--4\" style=\"margin-top:0;margin-bottom:0;padding-top:var(--wp--preset--spacing--60);padding-bottom:var(--wp--preset--spacing--60)\">\n<div class=\"wp-block-column is-content-justification-space-between is-layout-flex wp-container-core-column-is-layout-98c164bc wp-block-column-is-layout-flex\" style=\"padding-bottom:6rem\">\n<h2 class=\"wp-block-heading has-custom-elcoline-blue-color has-text-color has-link-color wp-elements-8bfc68d41890050577e0602ac95d937a\">Toimialat, joilla asiakkaamme toimivat<\/h2>\n\n\n\n<div class=\"wp-block-buttons explore-services is-content-justification-left is-layout-flex wp-container-core-buttons-is-layout-128d6a2b wp-block-buttons-is-layout-flex\">\n<div class=\"wp-block-button is-style-fill\"><a class=\"wp-block-button__link has-small-font-size has-custom-font-size wp-element-button\" href=\"https:\/\/elcoline.com\/fi\/palvelut\/prosessiteollisuus\/\">Prosessiteollisuus<\/a><\/div>\n\n\n\n<div class=\"wp-block-button\"><a class=\"wp-block-button__link has-small-font-size has-custom-font-size wp-element-button\" href=\"https:\/\/elcoline.com\/fi\/palvelut\/energiateollisuus\/\">Energiateollisuus<\/a><\/div>\n\n\n\n<div class=\"wp-block-button\"><a class=\"wp-block-button__link has-small-font-size has-custom-font-size wp-element-button\" href=\"https:\/\/elcoline.com\/fi\/palvelut\/metalli-ja-kaivosteollisuus\/\">Metalli- ja kaivosteollisuus<\/a><\/div>\n\n\n\n<div class=\"wp-block-button\"><a class=\"wp-block-button__link has-small-font-size has-custom-font-size wp-element-button\" href=\"https:\/\/elcoline.com\/fi\/palvelut\/meriteollisuus\/\">Meriteollisuus<\/a><\/div>\n\n\n\n<div class=\"wp-block-button\"><a class=\"wp-block-button__link has-small-font-size has-custom-font-size wp-element-button\" href=\"https:\/\/elcoline.com\/fi\/palvelut\/puolustusteollisuus\/\">Puolustusteollisuus<\/a><\/div>\n\n\n\n<div class=\"wp-block-button\"><a class=\"wp-block-button__link has-small-font-size has-custom-font-size wp-element-button\" href=\"https:\/\/elcoline.com\/fi\/palvelut\/teollinen-talotekniikka\/\">Teollisuuden talotekniikka<\/a><\/div>\n<\/div>\n<\/div>\n<\/div>\n\n\n\n<div class=\"wp-block-columns is-style-section-1 is-layout-flex wp-container-core-columns-is-layout-40fa696c wp-block-columns-is-layout-flex is-style-section-1--5\" style=\"margin-top:0;margin-bottom:0;padding-top:6rem;padding-bottom:6rem\">\n<div class=\"wp-block-column is-layout-flow wp-block-column-is-layout-flow\">\n<h2 class=\"wp-block-heading has-custom-simple-white-color has-text-color has-link-color wp-elements-8aca48604dcda685768184ec6de86412\">Etsimme jatkuvasti teollisuuden alan ammattilaisia eri puolille Suomea ja Ruotsia<\/h2>\n\n\n\n<div class=\"wp-block-buttons is-layout-flex wp-block-buttons-is-layout-flex\">\n<div class=\"wp-block-button\"><a class=\"wp-block-button__link wp-element-button\" href=\"https:\/\/elcoline.com\/fi\/meille-toihin\/avoimet-tyopaikat\/\">L\u00e4het\u00e4 avoin hakemus<\/a><\/div>\n<\/div>\n<\/div>\n\n\n\n<div class=\"wp-block-column is-layout-flow wp-block-column-is-layout-flow\"><\/div>\n<\/div>\n\n\n\n<div class=\"wp-block-columns is-style-section-4 is-layout-flex wp-container-core-columns-is-layout-1e297cbc wp-block-columns-is-layout-flex is-style-section-4--6\" style=\"padding-top:var(--wp--preset--spacing--70);padding-bottom:var(--wp--preset--spacing--70)\">\n<div class=\"wp-block-column is-layout-flow wp-block-column-is-layout-flow\">\n<div class=\"wp-block-columns is-layout-flex wp-container-core-columns-is-layout-28f84493 wp-block-columns-is-layout-flex\">\n<div class=\"wp-block-column is-layout-flow wp-block-column-is-layout-flow\" style=\"flex-basis:100%\">\n<h2 class=\"wp-block-heading\" style=\"margin-bottom:var(--wp--preset--spacing--60)\">Uratarinat<\/h2>\n<\/div>\n\n\n\n<div class=\"wp-block-column is-layout-flow wp-block-column-is-layout-flow\" style=\"flex-basis:100%\">\n<p class=\"has-text-align-right\"><a href=\"https:\/\/elcoline.com\/fi\/meille-toihin\/uratarinat\/\">Katso kaikki uratarinat<\/a><\/p>\n<\/div>\n<\/div>\n\n\n\n<div class=\"wp-block-query elcoline-news is-layout-flow wp-block-query-is-layout-flow\"><ul class=\"columns-3 wp-block-post-template is-layout-grid wp-container-core-post-template-is-layout-6d3fbd8f wp-block-post-template-is-layout-grid\"><li class=\"wp-block-post post-38017 post type-post status-publish format-standard has-post-thumbnail hentry category-suomi category-tyontekijatarinat category-yleinen\">\n\n<div class=\"wp-block-group is-layout-flow wp-block-group-is-layout-flow\" style=\"padding-top:30px;padding-right:30px;padding-bottom:30px;padding-left:30px\"><figure style=\"height:300px;\" class=\"wp-block-post-featured-image\"><img loading=\"lazy\" decoding=\"async\" width=\"1152\" height=\"960\" src=\"https:\/\/elcoline.com\/wp-content\/uploads\/2023\/08\/Mikael-Rissanen.webp\" class=\"attachment-post-thumbnail size-post-thumbnail wp-post-image\" alt=\"\" style=\"height:300px;object-fit:cover;\" srcset=\"https:\/\/elcoline.com\/wp-content\/uploads\/2023\/08\/Mikael-Rissanen.webp 1152w, https:\/\/elcoline.com\/wp-content\/uploads\/2023\/08\/Mikael-Rissanen-300x250.webp 300w, https:\/\/elcoline.com\/wp-content\/uploads\/2023\/08\/Mikael-Rissanen-1024x853.webp 1024w, https:\/\/elcoline.com\/wp-content\/uploads\/2023\/08\/Mikael-Rissanen-768x640.webp 768w\" sizes=\"auto, (max-width: 1152px) 100vw, 1152px\" \/><\/figure>\n\n<h2 class=\"wp-block-post-title\"><a href=\"https:\/\/elcoline.com\/fi\/mikael-rissanen-se-etta-meilla-on-operatiivisella-puolella-johtavassa-asemassa-olevilla-henkiloilla-s1-luvat-antaa-meille-uskottavuutta\/\" target=\"_self\" >Mikael Rissanen: \u201dSe, ett\u00e4 meill\u00e4 on operatiivisella puolella johtavassa asemassa olevilla henkil\u00f6ill\u00e4 S1-luvat, antaa meille uskottavuutta\u201d<\/a><\/h2>\n\n<div class=\"wp-block-post-excerpt\"><p class=\"wp-block-post-excerpt__excerpt\">Yksik\u00f6np\u00e4\u00e4llikk\u00f6 Mikael Rissanen toteuttaa urasuunnitelmaansa Kuopiossa Elcolinen It\u00e4-Suomen yksik\u00f6ss\u00e4. Kes\u00e4ty\u00f6t ja opinn\u00e4ytety\u00f6n tekeminen Elcolinella muuttuivat vakituiseksi ty\u00f6suhteeksi vuonna 2019. Vastuu omasta yksik\u00f6st\u00e4 motivoi Mikael Rissasta ty\u00f6ss\u00e4\u00e4n. Yksik\u00f6np\u00e4\u00e4llikk\u00f6n\u00e4 h\u00e4n huolehtii muiden hyvinvoinnin lis\u00e4ksi yksik\u00f6n kannattavuudesta ja osaltaan s\u00e4hk\u00f6t\u00f6iden turvallisuudesta. Rissanen&hellip;<\/p><p class=\"wp-block-post-excerpt__more-text\"><a class=\"wp-block-post-excerpt__more-link\" href=\"https:\/\/elcoline.com\/fi\/mikael-rissanen-se-etta-meilla-on-operatiivisella-puolella-johtavassa-asemassa-olevilla-henkiloilla-s1-luvat-antaa-meille-uskottavuutta\/\">Lue lis\u00e4\u00e4<\/a><\/p><\/div><\/div>\n\n<\/li><li class=\"wp-block-post post-34498 post type-post status-publish format-standard has-post-thumbnail hentry category-suomi category-tyontekijatarinat category-yleinen\">\n\n<div class=\"wp-block-group is-layout-flow wp-block-group-is-layout-flow\" style=\"padding-top:30px;padding-right:30px;padding-bottom:30px;padding-left:30px\"><figure style=\"height:300px;\" class=\"wp-block-post-featured-image\"><img loading=\"lazy\" decoding=\"async\" width=\"2016\" height=\"1113\" src=\"https:\/\/elcoline.com\/wp-content\/uploads\/2023\/02\/Antti_Kolehmainen_1-e1676378706866.jpg\" class=\"attachment-post-thumbnail size-post-thumbnail wp-post-image\" alt=\"\" style=\"height:300px;object-fit:cover;\" srcset=\"https:\/\/elcoline.com\/wp-content\/uploads\/2023\/02\/Antti_Kolehmainen_1-e1676378706866.jpg 2016w, https:\/\/elcoline.com\/wp-content\/uploads\/2023\/02\/Antti_Kolehmainen_1-e1676378706866-300x166.jpg 300w, https:\/\/elcoline.com\/wp-content\/uploads\/2023\/02\/Antti_Kolehmainen_1-e1676378706866-1024x565.jpg 1024w, https:\/\/elcoline.com\/wp-content\/uploads\/2023\/02\/Antti_Kolehmainen_1-e1676378706866-768x424.jpg 768w, https:\/\/elcoline.com\/wp-content\/uploads\/2023\/02\/Antti_Kolehmainen_1-e1676378706866-1536x848.jpg 1536w\" sizes=\"auto, (max-width: 2016px) 100vw, 2016px\" \/><\/figure>\n\n<h2 class=\"wp-block-post-title\"><a href=\"https:\/\/elcoline.com\/fi\/tyokulttuuri-ja-hyva-vauhti-houkuttelivat-antti-kolehmaisen-paluumuuttajana-elcolineen\/\" target=\"_self\" >Ty\u00f6kulttuuri ja hyv\u00e4 vauhti houkuttelivat Antti Kolehmaisen paluumuuttajana Elcolineen<\/a><\/h2>\n\n<div class=\"wp-block-post-excerpt\"><p class=\"wp-block-post-excerpt__excerpt\">Entinen ja nyt taas nykyinen elcolinelainen Antti Kolehmainen tuntee teollisuusalan ja on innoissaan Elcolinen kasvusta yrityksen\u00e4. Projektikoordinaattorina (Project controller) h\u00e4n on projektijohdon apuri, joka seuraa projektien onnistumista. Marraskuun 2022 alussa projektikoordinaattorina aloittanut Antti Kolehmainen palasi Elcolineen kolmen vuoden tauon&hellip;<\/p><p class=\"wp-block-post-excerpt__more-text\"><a class=\"wp-block-post-excerpt__more-link\" href=\"https:\/\/elcoline.com\/fi\/tyokulttuuri-ja-hyva-vauhti-houkuttelivat-antti-kolehmaisen-paluumuuttajana-elcolineen\/\">Lue lis\u00e4\u00e4<\/a><\/p><\/div><\/div>\n\n<\/li><li class=\"wp-block-post post-24586 post type-post status-publish format-standard has-post-thumbnail hentry category-suomi category-tyontekijatarinat category-yleinen tag-elcoline tag-kunnossapito tag-osaamiskeskus tag-oulu tag-petri tag-rekrytointi tag-salakari\">\n\n<div class=\"wp-block-group is-layout-flow wp-block-group-is-layout-flow\" style=\"padding-top:30px;padding-right:30px;padding-bottom:30px;padding-left:30px\"><figure style=\"height:300px;\" class=\"wp-block-post-featured-image\"><img loading=\"lazy\" decoding=\"async\" width=\"494\" height=\"659\" src=\"https:\/\/elcoline.com\/wp-content\/uploads\/2021\/03\/Petri-Salakari-Elcoline-Oulu-yksikon-paallikko.jpg\" class=\"attachment-post-thumbnail size-post-thumbnail wp-post-image\" alt=\"Petri Salakari, yksik\u00f6n p\u00e4\u00e4llikk\u00f6, Elcoline, Oulu\" style=\"height:300px;object-fit:cover;\" srcset=\"https:\/\/elcoline.com\/wp-content\/uploads\/2021\/03\/Petri-Salakari-Elcoline-Oulu-yksikon-paallikko.jpg 494w, https:\/\/elcoline.com\/wp-content\/uploads\/2021\/03\/Petri-Salakari-Elcoline-Oulu-yksikon-paallikko-225x300.jpg 225w\" sizes=\"auto, (max-width: 494px) 100vw, 494px\" \/><\/figure>\n\n<h2 class=\"wp-block-post-title\"><a href=\"https:\/\/elcoline.com\/fi\/mies-jonka-asenne-on-kylla-onnistuu\/\" target=\"_self\" >Mies, jonka asenne on &#8221;Kyll\u00e4 onnistuu!&#8221;<\/a><\/h2>\n\n<div class=\"wp-block-post-excerpt\"><p class=\"wp-block-post-excerpt__excerpt\">Oulun palvelutiimin ja kemianteollisuuden osaamiskeskuksen vet\u00e4j\u00e4n\u00e4 toimii aluep\u00e4\u00e4llikk\u00f6 Petri Salakari. H\u00e4n on koulutukseltaan konetekniikan diplomi insin\u00f6\u00f6ri, valmistunut Oulun Yliopistosta vuonna 2012. Mukaansatempaavaa ty\u00f6t\u00e4 tasapainottavat el\u00e4m\u00e4n t\u00e4rkeimm\u00e4t asiat ovat perhe, j\u00e4\u00e4kiekko, hevoset ja juuri nyt kodinrakennusprojekti. T\u00e4t\u00e4 haastattelua tehdess\u00e4 oli&hellip;<\/p><p class=\"wp-block-post-excerpt__more-text\"><a class=\"wp-block-post-excerpt__more-link\" href=\"https:\/\/elcoline.com\/fi\/mies-jonka-asenne-on-kylla-onnistuu\/\">Lue lis\u00e4\u00e4<\/a><\/p><\/div><\/div>\n\n<\/li><\/ul><\/div>\n<\/div>\n<\/div>\n","protected":false},"excerpt":{"rendered":"<p>Elcoline ty\u00f6paikkana Me Elcolinella uskomme, ett\u00e4 sitoutuneet ja hyvinvoivat ty\u00f6ntekij\u00e4t ovat menestyksemme ytimess\u00e4. Siksi panostamme aidosti ty\u00f6hyvinvointiin, osaamisen kehitt\u00e4miseen ja urapolkujen tukemiseen. Merkityksellist\u00e4 ty\u00f6t\u00e4 Pid\u00e4mme teollisuuden kunnossa \u2013 ja sit\u00e4 kautta koko yhteiskunnan kunnossa. Mahdollisuuksia kehitty\u00e4 Tuemme kouluttautumista ja uralla etenemist\u00e4. Kansainv\u00e4liset projektimme voivat vied\u00e4 sinut ulkomaille \u2013 jopa maailmanlaajuisesti. Ammattiylpeytt\u00e4 Meill\u00e4 tehd\u00e4\u00e4n laadukasta ja [&hellip;]<\/p>\n","protected":false},"author":10,"featured_media":990,"parent":0,"menu_order":4,"comment_status":"closed","ping_status":"closed","template":"","meta":{"footnotes":""},"class_list":["post-47203","page","type-page","status-publish","has-post-thumbnail","hentry"],"yoast_head":"<!-- This site is optimized with the Yoast SEO plugin v27.5 - https:\/\/yoast.com\/product\/yoast-seo-wordpress\/ -->\n<title>Meille t\u00f6ihin - Elcoline Group<\/title>\n<meta name=\"description\" content=\"Elcoline on pohjoismainen kasvuyhti\u00f6, joka tarjoaa teknisi\u00e4 palveluita teollisuuden alan asiakkaille Suomessa, Ruotsissa ja kansainv\u00e4lisesti.\" \/>\n<meta name=\"robots\" content=\"index, follow, max-snippet:-1, max-image-preview:large, max-video-preview:-1\" \/>\n<link rel=\"canonical\" href=\"https:\/\/elcoline.com\/fi\/meille-toihin\/\" \/>\n<meta property=\"og:locale\" content=\"fi_FI\" \/>\n<meta property=\"og:type\" content=\"article\" \/>\n<meta property=\"og:title\" content=\"Meille t\u00f6ihin - Elcoline Group\" \/>\n<meta property=\"og:description\" content=\"Elcoline on pohjoismainen kasvuyhti\u00f6, joka tarjoaa teknisi\u00e4 palveluita teollisuuden alan asiakkaille Suomessa, Ruotsissa ja kansainv\u00e4lisesti.\" \/>\n<meta property=\"og:url\" content=\"https:\/\/elcoline.com\/fi\/meille-toihin\/\" \/>\n<meta property=\"og:site_name\" content=\"Elcoline Group\" \/>\n<meta property=\"article:modified_time\" content=\"2025-10-24T10:51:08+00:00\" \/>\n<meta property=\"og:image\" content=\"https:\/\/elcoline.com\/wp-content\/uploads\/2025\/06\/careers.webp\" \/>\n\t<meta property=\"og:image:width\" content=\"2000\" \/>\n\t<meta property=\"og:image:height\" content=\"1333\" \/>\n\t<meta property=\"og:image:type\" content=\"image\/webp\" \/>\n<meta name=\"twitter:card\" content=\"summary_large_image\" \/>\n<meta name=\"twitter:label1\" content=\"Arvioitu lukuaika\" \/>\n\t<meta name=\"twitter:data1\" content=\"2 minuuttia\" \/>\n<script type=\"application\/ld+json\" class=\"yoast-schema-graph\">{\"@context\":\"https:\\\/\\\/schema.org\",\"@graph\":[{\"@type\":\"WebPage\",\"@id\":\"https:\\\/\\\/elcoline.com\\\/fi\\\/meille-toihin\\\/\",\"url\":\"https:\\\/\\\/elcoline.com\\\/fi\\\/meille-toihin\\\/\",\"name\":\"Meille t\u00f6ihin - Elcoline Group\",\"isPartOf\":{\"@id\":\"https:\\\/\\\/elcoline.com\\\/fi\\\/#website\"},\"primaryImageOfPage\":{\"@id\":\"https:\\\/\\\/elcoline.com\\\/fi\\\/meille-toihin\\\/#primaryimage\"},\"image\":{\"@id\":\"https:\\\/\\\/elcoline.com\\\/fi\\\/meille-toihin\\\/#primaryimage\"},\"thumbnailUrl\":\"https:\\\/\\\/elcoline.com\\\/wp-content\\\/uploads\\\/2025\\\/06\\\/careers.webp\",\"datePublished\":\"2025-03-20T11:31:30+00:00\",\"dateModified\":\"2025-10-24T10:51:08+00:00\",\"description\":\"Elcoline on pohjoismainen kasvuyhti\u00f6, joka tarjoaa teknisi\u00e4 palveluita teollisuuden alan asiakkaille Suomessa, Ruotsissa ja kansainv\u00e4lisesti.\",\"breadcrumb\":{\"@id\":\"https:\\\/\\\/elcoline.com\\\/fi\\\/meille-toihin\\\/#breadcrumb\"},\"inLanguage\":\"fi\",\"potentialAction\":[{\"@type\":\"ReadAction\",\"target\":[\"https:\\\/\\\/elcoline.com\\\/fi\\\/meille-toihin\\\/\"]}]},{\"@type\":\"ImageObject\",\"inLanguage\":\"fi\",\"@id\":\"https:\\\/\\\/elcoline.com\\\/fi\\\/meille-toihin\\\/#primaryimage\",\"url\":\"https:\\\/\\\/elcoline.com\\\/wp-content\\\/uploads\\\/2025\\\/06\\\/careers.webp\",\"contentUrl\":\"https:\\\/\\\/elcoline.com\\\/wp-content\\\/uploads\\\/2025\\\/06\\\/careers.webp\",\"width\":2000,\"height\":1333},{\"@type\":\"WebSite\",\"@id\":\"https:\\\/\\\/elcoline.com\\\/fi\\\/#website\",\"url\":\"https:\\\/\\\/elcoline.com\\\/fi\\\/\",\"name\":\"Elcoline Group\",\"description\":\"\",\"potentialAction\":[{\"@type\":\"SearchAction\",\"target\":{\"@type\":\"EntryPoint\",\"urlTemplate\":\"https:\\\/\\\/elcoline.com\\\/fi\\\/?s={search_term_string}\"},\"query-input\":{\"@type\":\"PropertyValueSpecification\",\"valueRequired\":true,\"valueName\":\"search_term_string\"}}],\"inLanguage\":\"fi\"}]}<\/script>\n<!-- \/ Yoast SEO plugin. -->","yoast_head_json":{"title":"Meille t\u00f6ihin - Elcoline Group","description":"Elcoline on pohjoismainen kasvuyhti\u00f6, joka tarjoaa teknisi\u00e4 palveluita teollisuuden alan asiakkaille Suomessa, Ruotsissa ja kansainv\u00e4lisesti.","robots":{"index":"index","follow":"follow","max-snippet":"max-snippet:-1","max-image-preview":"max-image-preview:large","max-video-preview":"max-video-preview:-1"},"canonical":"https:\/\/elcoline.com\/fi\/meille-toihin\/","og_locale":"fi_FI","og_type":"article","og_title":"Meille t\u00f6ihin - Elcoline Group","og_description":"Elcoline on pohjoismainen kasvuyhti\u00f6, joka tarjoaa teknisi\u00e4 palveluita teollisuuden alan asiakkaille Suomessa, Ruotsissa ja kansainv\u00e4lisesti.","og_url":"https:\/\/elcoline.com\/fi\/meille-toihin\/","og_site_name":"Elcoline Group","article_modified_time":"2025-10-24T10:51:08+00:00","og_image":[{"width":2000,"height":1333,"url":"https:\/\/elcoline.com\/wp-content\/uploads\/2025\/06\/careers.webp","type":"image\/webp"}],"twitter_card":"summary_large_image","twitter_misc":{"Arvioitu lukuaika":"2 minuuttia"},"schema":{"@context":"https:\/\/schema.org","@graph":[{"@type":"WebPage","@id":"https:\/\/elcoline.com\/fi\/meille-toihin\/","url":"https:\/\/elcoline.com\/fi\/meille-toihin\/","name":"Meille t\u00f6ihin - Elcoline Group","isPartOf":{"@id":"https:\/\/elcoline.com\/fi\/#website"},"primaryImageOfPage":{"@id":"https:\/\/elcoline.com\/fi\/meille-toihin\/#primaryimage"},"image":{"@id":"https:\/\/elcoline.com\/fi\/meille-toihin\/#primaryimage"},"thumbnailUrl":"https:\/\/elcoline.com\/wp-content\/uploads\/2025\/06\/careers.webp","datePublished":"2025-03-20T11:31:30+00:00","dateModified":"2025-10-24T10:51:08+00:00","description":"Elcoline on pohjoismainen kasvuyhti\u00f6, joka tarjoaa teknisi\u00e4 palveluita teollisuuden alan asiakkaille Suomessa, Ruotsissa ja kansainv\u00e4lisesti.","breadcrumb":{"@id":"https:\/\/elcoline.com\/fi\/meille-toihin\/#breadcrumb"},"inLanguage":"fi","potentialAction":[{"@type":"ReadAction","target":["https:\/\/elcoline.com\/fi\/meille-toihin\/"]}]},{"@type":"ImageObject","inLanguage":"fi","@id":"https:\/\/elcoline.com\/fi\/meille-toihin\/#primaryimage","url":"https:\/\/elcoline.com\/wp-content\/uploads\/2025\/06\/careers.webp","contentUrl":"https:\/\/elcoline.com\/wp-content\/uploads\/2025\/06\/careers.webp","width":2000,"height":1333},{"@type":"WebSite","@id":"https:\/\/elcoline.com\/fi\/#website","url":"https:\/\/elcoline.com\/fi\/","name":"Elcoline Group","description":"","potentialAction":[{"@type":"SearchAction","target":{"@type":"EntryPoint","urlTemplate":"https:\/\/elcoline.com\/fi\/?s={search_term_string}"},"query-input":{"@type":"PropertyValueSpecification","valueRequired":true,"valueName":"search_term_string"}}],"inLanguage":"fi"}]}},"pbg_featured_image_src":{"full":["https:\/\/elcoline.com\/wp-content\/uploads\/2025\/06\/careers.webp",2000,1333,false],"thumbnail":["https:\/\/elcoline.com\/wp-content\/uploads\/2025\/06\/careers-150x150.webp",150,150,true],"medium":["https:\/\/elcoline.com\/wp-content\/uploads\/2025\/06\/careers-300x200.webp",300,200,true],"medium_large":["https:\/\/elcoline.com\/wp-content\/uploads\/2025\/06\/careers-768x512.webp",768,512,true],"large":["https:\/\/elcoline.com\/wp-content\/uploads\/2025\/06\/careers-1024x682.webp",1024,682,true],"1536x1536":["https:\/\/elcoline.com\/wp-content\/uploads\/2025\/06\/careers-1536x1024.webp",1536,1024,true],"2048x2048":["https:\/\/elcoline.com\/wp-content\/uploads\/2025\/06\/careers.webp",2000,1333,false]},"pbg_author_info":{"display_name":"admin","author_link":"https:\/\/elcoline.com\/fi\/author\/admin\/","author_img":false},"pbg_comment_info":" No Comments","pbg_excerpt":"Elcoline ty\u00f6paikkana Me Elcolinella uskomme, ett\u00e4 sitoutuneet ja hyvinvoivat ty\u00f6ntekij\u00e4t ovat menestyksemme ytimess\u00e4. Siksi panostamme aidosti ty\u00f6hyvinvointiin, osaamisen kehitt\u00e4miseen ja urapolkujen tukemiseen. Merkityksellist\u00e4 ty\u00f6t\u00e4 Pid\u00e4mme teollisuuden kunnossa \u2013 ja sit\u00e4 kautta koko yhteiskunnan kunnossa. Mahdollisuuksia kehitty\u00e4 Tuemme kouluttautumista ja uralla etenemist\u00e4. Kansainv\u00e4liset projektimme voivat vied\u00e4 sinut ulkomaille \u2013 jopa maailmanlaajuisesti. Ammattiylpeytt\u00e4 Meill\u00e4 tehd\u00e4\u00e4n laadukasta ja&hellip;","_links":{"self":[{"href":"https:\/\/elcoline.com\/fi\/wp-json\/wp\/v2\/pages\/47203","targetHints":{"allow":["GET"]}}],"collection":[{"href":"https:\/\/elcoline.com\/fi\/wp-json\/wp\/v2\/pages"}],"about":[{"href":"https:\/\/elcoline.com\/fi\/wp-json\/wp\/v2\/types\/page"}],"author":[{"embeddable":true,"href":"https:\/\/elcoline.com\/fi\/wp-json\/wp\/v2\/users\/10"}],"replies":[{"embeddable":true,"href":"https:\/\/elcoline.com\/fi\/wp-json\/wp\/v2\/comments?post=47203"}],"version-history":[{"count":28,"href":"https:\/\/elcoline.com\/fi\/wp-json\/wp\/v2\/pages\/47203\/revisions"}],"predecessor-version":[{"id":49087,"href":"https:\/\/elcoline.com\/fi\/wp-json\/wp\/v2\/pages\/47203\/revisions\/49087"}],"wp:featuredmedia":[{"embeddable":true,"href":"https:\/\/elcoline.com\/fi\/wp-json\/wp\/v2\/media\/990"}],"wp:attachment":[{"href":"https:\/\/elcoline.com\/fi\/wp-json\/wp\/v2\/media?parent=47203"}],"curies":[{"name":"wp","href":"https:\/\/api.w.org\/{rel}","templated":true}]}}