{"id":48450,"date":"2025-03-20T11:31:13","date_gmt":"2025-03-20T11:31:13","guid":{"rendered":"https:\/\/elcoline.com\/ajankohtaista\/uutiset\/"},"modified":"2025-09-12T12:05:40","modified_gmt":"2025-09-12T12:05:40","slug":"uutiset","status":"publish","type":"page","link":"https:\/\/elcoline.com\/fi\/ajankohtaista\/uutiset\/","title":{"rendered":"Uutiset"},"content":{"rendered":"\n<div class=\"wp-block-cover is-light hero has-base-color has-text-color has-link-color wp-elements-b2c76ff9f68c7b6ef3b4dc502833e2a3\"><span aria-hidden=\"true\" class=\"wp-block-cover__background has-background-dim\" style=\"background-color:#FFF\"><\/span><img loading=\"lazy\" decoding=\"async\" width=\"2560\" height=\"1706\" src=\"https:\/\/elcoline.com\/wp-content\/uploads\/2025\/05\/DSC00288-scaled.jpg\" class=\"wp-block-cover__image-background wp-post-image\" alt=\"\" data-object-fit=\"cover\" srcset=\"https:\/\/elcoline.com\/wp-content\/uploads\/2025\/05\/DSC00288-scaled.jpg 2560w, https:\/\/elcoline.com\/wp-content\/uploads\/2025\/05\/DSC00288-300x200.jpg 300w, https:\/\/elcoline.com\/wp-content\/uploads\/2025\/05\/DSC00288-1024x683.jpg 1024w, https:\/\/elcoline.com\/wp-content\/uploads\/2025\/05\/DSC00288-768x512.jpg 768w, https:\/\/elcoline.com\/wp-content\/uploads\/2025\/05\/DSC00288-1536x1024.jpg 1536w, https:\/\/elcoline.com\/wp-content\/uploads\/2025\/05\/DSC00288-2048x1365.jpg 2048w\" sizes=\"auto, (max-width: 2560px) 100vw, 2560px\" \/><div class=\"wp-block-cover__inner-container is-layout-flow wp-block-cover-is-layout-flow\">\n<h2 class=\"wp-block-heading\">Ajankohtaista<\/h2>\n\n\n\n<div class=\"wp-block-columns is-layout-flex wp-container-core-columns-is-layout-28f84493 wp-block-columns-is-layout-flex\">\n<div class=\"wp-block-column is-layout-flow wp-block-column-is-layout-flow\">\n<h1 class=\"wp-block-heading\">Uutiset<\/h1>\n<\/div>\n\n\n\n<div class=\"wp-block-column is-layout-flow wp-block-column-is-layout-flow\">\n<p>Pysy ajan tasalla uusimmista uutisista.<\/p>\n<\/div>\n<\/div>\n<\/div><\/div>\n\n<div class=\"wp-block-query elcoline-news is-layout-flow wp-block-query-is-layout-flow\"><ul class=\"columns-3 wp-block-post-template is-layout-grid wp-container-core-post-template-is-layout-6d3fbd8f wp-block-post-template-is-layout-grid\"><li class=\"wp-block-post post-49743 post type-post status-publish format-standard has-post-thumbnail hentry category-uncategorized-fi\">\n\n<div class=\"wp-block-group is-layout-flow wp-block-group-is-layout-flow\" style=\"padding-top:30px;padding-right:30px;padding-bottom:30px;padding-left:30px\"><figure class=\"wp-block-post-featured-image\"><img loading=\"lazy\" decoding=\"async\" width=\"945\" height=\"1417\" src=\"https:\/\/elcoline.com\/wp-content\/uploads\/2025\/08\/Lammonvaihdin-1-1.jpg\" class=\"attachment-post-thumbnail size-post-thumbnail wp-post-image\" alt=\"\" style=\"object-fit:cover;\" srcset=\"https:\/\/elcoline.com\/wp-content\/uploads\/2025\/08\/Lammonvaihdin-1-1.jpg 945w, https:\/\/elcoline.com\/wp-content\/uploads\/2025\/08\/Lammonvaihdin-1-1-200x300.jpg 200w, https:\/\/elcoline.com\/wp-content\/uploads\/2025\/08\/Lammonvaihdin-1-1-683x1024.jpg 683w, https:\/\/elcoline.com\/wp-content\/uploads\/2025\/08\/Lammonvaihdin-1-1-768x1152.jpg 768w\" sizes=\"auto, (max-width: 945px) 100vw, 945px\" \/><\/figure>\n\n<div class=\"wp-block-post-date\"><time datetime=\"2026-04-29T10:49:17+03:00\">29.4.2026<\/time><\/div>\n\n<h2 class=\"wp-block-post-title\"><a href=\"https:\/\/elcoline.com\/fi\/elcoline-nopeuttaa-muutosta-lammonvaihtimet-ja-turbiini-ja-generaattoripalvelut-yhteen-jo-kesakuussa\/\" target=\"_self\" >Elcoline nopeuttaa muutosta: l\u00e4mm\u00f6nvaihtimet ja turbiini- ja generaattoripalvelut yhteen jo kes\u00e4kuussa<\/a><\/h2>\n\n<div class=\"wp-block-post-excerpt\"><p class=\"wp-block-post-excerpt__excerpt\">SSG Sahalan l\u00e4mm\u00f6nvaihdinliiketoiminta yhdistyy kokonaisvaltaisesti Elcolinen Turbiini- ja generaattoripalveluihin 1.6. Operatiivisesti ne ovat toimineet yhdess\u00e4 jo vuoden alusta; kes\u00e4kuussa viimeistell\u00e4\u00e4n my\u00f6s juridisen yhti\u00f6rakenteen ja j\u00e4rjestelmien yhdist\u00e4minen. Yhdistymisen my\u00f6t\u00e4 syntyy todellinen kokonaispalvelu kriittisille laitteille: turbiineille, generaattoreille ja l\u00e4mm\u00f6nvaihtimille. Uudella Elcoline TGS\u2011Sahalalla on eritt\u00e4in vahva markkina-asema etenkin Pohjoismaissa. Yhdistyminen koskee noin 30&hellip;<\/p><p class=\"wp-block-post-excerpt__more-text\"><a class=\"wp-block-post-excerpt__more-link\" href=\"https:\/\/elcoline.com\/fi\/elcoline-nopeuttaa-muutosta-lammonvaihtimet-ja-turbiini-ja-generaattoripalvelut-yhteen-jo-kesakuussa\/\">Lue lis\u00e4\u00e4<\/a><\/p><\/div><\/div>\n\n<\/li><li class=\"wp-block-post post-49684 post type-post status-publish format-standard has-post-thumbnail hentry category-uncategorized-fi\">\n\n<div class=\"wp-block-group is-layout-flow wp-block-group-is-layout-flow\" style=\"padding-top:30px;padding-right:30px;padding-bottom:30px;padding-left:30px\"><figure class=\"wp-block-post-featured-image\"><img loading=\"lazy\" decoding=\"async\" width=\"1900\" height=\"1069\" src=\"https:\/\/elcoline.com\/wp-content\/uploads\/2026\/04\/Aisti-acoustic-tile-web_2026-04-4.jpg\" class=\"attachment-post-thumbnail size-post-thumbnail wp-post-image\" alt=\"Aisti acoustic tile\" style=\"object-fit:cover;\" srcset=\"https:\/\/elcoline.com\/wp-content\/uploads\/2026\/04\/Aisti-acoustic-tile-web_2026-04-4.jpg 1900w, https:\/\/elcoline.com\/wp-content\/uploads\/2026\/04\/Aisti-acoustic-tile-web_2026-04-4-300x169.jpg 300w, https:\/\/elcoline.com\/wp-content\/uploads\/2026\/04\/Aisti-acoustic-tile-web_2026-04-4-1024x576.jpg 1024w, https:\/\/elcoline.com\/wp-content\/uploads\/2026\/04\/Aisti-acoustic-tile-web_2026-04-4-768x432.jpg 768w, https:\/\/elcoline.com\/wp-content\/uploads\/2026\/04\/Aisti-acoustic-tile-web_2026-04-4-1536x864.jpg 1536w\" sizes=\"auto, (max-width: 1900px) 100vw, 1900px\" \/><\/figure>\n\n<div class=\"wp-block-post-date\"><time datetime=\"2026-04-29T09:17:07+03:00\">29.4.2026<\/time><\/div>\n\n<h2 class=\"wp-block-post-title\"><a href=\"https:\/\/elcoline.com\/fi\/elcoline-tahtaa-pitkiin-kunnossapitokumppanuuksiin-voitti-aistin-akustiikkalevytehtaan-sopimuksen-kiteella\/\" target=\"_self\" >Elcoline t\u00e4ht\u00e4\u00e4 pitkiin kunnossapitokumppanuuksiin \u2013 voitti Aistin akustiikkalevytehtaan sopimuksen Kiteell\u00e4<\/a><\/h2>\n\n<div class=\"wp-block-post-excerpt\"><p class=\"wp-block-post-excerpt__excerpt\">Materiaaliteknologiayhti\u00f6 Aisti on valinnut Elcolinen uuden akustiikkalevytehtaansa kunnossapitokumppaniksi. Laitoksen rakennusty\u00f6t ovat k\u00e4ynniss\u00e4 Kiteell\u00e4, ja Elcolinen tiimi alkaa jo valmistella kunnossapitoa kes\u00e4ll\u00e4 alkavaa tuotantoa varten. P\u00e4ivitetyn strategiansa mukaisesti Elcoline pyrkii pitk\u00e4aikaisiin palvelusopimuksiin ja kunnossapidon ulkoistuskumppaniksi jatkuvaluonteisen liiketoiminnan osuuden kasvattamiseksi. Elcolinella on It\u00e4-Suomen alueella 80 henkil\u00f6n kunnossapitohenkil\u00f6st\u00f6, ja lis\u00e4\u00e4 rekrytoidaan jatkuvasti. Lis\u00e4ksi&hellip;<\/p><p class=\"wp-block-post-excerpt__more-text\"><a class=\"wp-block-post-excerpt__more-link\" href=\"https:\/\/elcoline.com\/fi\/elcoline-tahtaa-pitkiin-kunnossapitokumppanuuksiin-voitti-aistin-akustiikkalevytehtaan-sopimuksen-kiteella\/\">Lue lis\u00e4\u00e4<\/a><\/p><\/div><\/div>\n\n<\/li><li class=\"wp-block-post post-49639 post type-post status-publish format-standard has-post-thumbnail hentry category-uncategorized-fi\">\n\n<div class=\"wp-block-group is-layout-flow wp-block-group-is-layout-flow\" style=\"padding-top:30px;padding-right:30px;padding-bottom:30px;padding-left:30px\"><figure class=\"wp-block-post-featured-image\"><img loading=\"lazy\" decoding=\"async\" width=\"1300\" height=\"860\" src=\"https:\/\/elcoline.com\/wp-content\/uploads\/2026\/04\/Luokkanen-nimitys-2026-04.jpg\" class=\"attachment-post-thumbnail size-post-thumbnail wp-post-image\" alt=\"\" style=\"object-fit:cover;\" srcset=\"https:\/\/elcoline.com\/wp-content\/uploads\/2026\/04\/Luokkanen-nimitys-2026-04.jpg 1300w, https:\/\/elcoline.com\/wp-content\/uploads\/2026\/04\/Luokkanen-nimitys-2026-04-300x198.jpg 300w, https:\/\/elcoline.com\/wp-content\/uploads\/2026\/04\/Luokkanen-nimitys-2026-04-1024x677.jpg 1024w, https:\/\/elcoline.com\/wp-content\/uploads\/2026\/04\/Luokkanen-nimitys-2026-04-768x508.jpg 768w\" sizes=\"auto, (max-width: 1300px) 100vw, 1300px\" \/><\/figure>\n\n<div class=\"wp-block-post-date\"><time datetime=\"2026-04-01T11:01:52+03:00\">1.4.2026<\/time><\/div>\n\n<h2 class=\"wp-block-post-title\"><a href=\"https:\/\/elcoline.com\/fi\/marko-luokkanen-nimitetty-talousjohtajaksi-ja-johtoryhman-jaseneksi-27-4\/\" target=\"_self\" >Marko Luokkanen nimitetty talousjohtajaksi ja johtoryhm\u00e4n j\u00e4seneksi 27.4.<\/a><\/h2>\n\n<div class=\"wp-block-post-excerpt\"><p class=\"wp-block-post-excerpt__excerpt\">Teollisuuden teknisiin palveluihin erikoistunut Elcoline Group on nimitt\u00e4nyt KTM, eMBA Marko Luokkasen talousjohtajaksi ja johtoryhm\u00e4n j\u00e4seneksi 27.4. alkaen. Nimityksell\u00e4 Elcoline vahvistaa kasvustrategiansa toteutusta kaikissa konserniyhti\u00f6iss\u00e4 Suomessa ja Ruotsissa. Marko Luokkanen on ty\u00f6skennellyt suurimman osan yli 30-vuotisesta urastaan kansainv\u00e4lisiss\u00e4 talouden johtoteht\u00e4viss\u00e4 Andritzilla. H\u00e4nell\u00e4 on laaja kokemus liiketoiminnan tukemisesta, sopimushallinnasta ja tiedolla&hellip;<\/p><p class=\"wp-block-post-excerpt__more-text\"><a class=\"wp-block-post-excerpt__more-link\" href=\"https:\/\/elcoline.com\/fi\/marko-luokkanen-nimitetty-talousjohtajaksi-ja-johtoryhman-jaseneksi-27-4\/\">Lue lis\u00e4\u00e4<\/a><\/p><\/div><\/div>\n\n<\/li><li class=\"wp-block-post post-49318 post type-post status-publish format-standard has-post-thumbnail hentry category-uncategorized-fi\">\n\n<div class=\"wp-block-group is-layout-flow wp-block-group-is-layout-flow\" style=\"padding-top:30px;padding-right:30px;padding-bottom:30px;padding-left:30px\"><figure class=\"wp-block-post-featured-image\"><img loading=\"lazy\" decoding=\"async\" width=\"1382\" height=\"922\" src=\"https:\/\/elcoline.com\/wp-content\/uploads\/2025\/06\/tgs-generators-balancing.webp\" class=\"attachment-post-thumbnail size-post-thumbnail wp-post-image\" alt=\"\" style=\"object-fit:cover;\" srcset=\"https:\/\/elcoline.com\/wp-content\/uploads\/2025\/06\/tgs-generators-balancing.webp 1382w, https:\/\/elcoline.com\/wp-content\/uploads\/2025\/06\/tgs-generators-balancing-300x200.webp 300w, https:\/\/elcoline.com\/wp-content\/uploads\/2025\/06\/tgs-generators-balancing-1024x683.webp 1024w, https:\/\/elcoline.com\/wp-content\/uploads\/2025\/06\/tgs-generators-balancing-768x512.webp 768w\" sizes=\"auto, (max-width: 1382px) 100vw, 1382px\" \/><\/figure>\n\n<div class=\"wp-block-post-date\"><time datetime=\"2026-01-02T07:27:21+02:00\">2.1.2026<\/time><\/div>\n\n<h2 class=\"wp-block-post-title\"><a href=\"https:\/\/elcoline.com\/fi\/elcoline-tgs-sahala-yhdistaa-turbiini-generaattori-ja-lammonvaihdinpalvelut\/\" target=\"_self\" >Elcoline TGS-Sahala yhdist\u00e4\u00e4 turbiini-, generaattori- ja l\u00e4mm\u00f6nvaihdinpalvelut ja luo kokonaispalvelun teollisuuden kriittiselle laitteistolle<\/a><\/h2>\n\n<div class=\"wp-block-post-excerpt\"><p class=\"wp-block-post-excerpt__excerpt\">Elcoline yhdist\u00e4\u00e4 SSG Sahala -l\u00e4mm\u00f6nvaihdintoimintonsa Turbiini- ja generaattoripalveluidensa (TGS) kanssa. Niill\u00e4 on omissa segmenteiss\u00e4\u00e4n eritt\u00e4in vahva markkina-asema etenkin Pohjoismaissa. Uudessa kokonaisuudessa ty\u00f6skentelee viidennes Elcolinen l\u00e4hes tuhannesta ty\u00f6ntekij\u00e4st\u00e4. Yhdist\u00e4minen perustuu vahvoihin synergioihin, jotka tunnistettiin Elcolinen hankittua TGS:n Fortumilta vuonna 2024, edellisvuonna tapahtuneen SSG Sahalan yritysoston j\u00e4lkeen. \u201dOn hienoa lis\u00e4t\u00e4 palveluidemme tuottamaa&hellip;<\/p><p class=\"wp-block-post-excerpt__more-text\"><a class=\"wp-block-post-excerpt__more-link\" href=\"https:\/\/elcoline.com\/fi\/elcoline-tgs-sahala-yhdistaa-turbiini-generaattori-ja-lammonvaihdinpalvelut\/\">Lue lis\u00e4\u00e4<\/a><\/p><\/div><\/div>\n\n<\/li><li class=\"wp-block-post post-49210 post type-post status-publish format-standard has-post-thumbnail hentry category-uncategorized-fi\">\n\n<div class=\"wp-block-group is-layout-flow wp-block-group-is-layout-flow\" style=\"padding-top:30px;padding-right:30px;padding-bottom:30px;padding-left:30px\"><figure class=\"wp-block-post-featured-image\"><img loading=\"lazy\" decoding=\"async\" width=\"392\" height=\"387\" src=\"https:\/\/elcoline.com\/wp-content\/uploads\/2025\/08\/elcoline-default.jpg\" class=\"attachment-post-thumbnail size-post-thumbnail wp-post-image\" alt=\"\" style=\"object-fit:cover;\" srcset=\"https:\/\/elcoline.com\/wp-content\/uploads\/2025\/08\/elcoline-default.jpg 392w, https:\/\/elcoline.com\/wp-content\/uploads\/2025\/08\/elcoline-default-300x296.jpg 300w\" sizes=\"auto, (max-width: 392px) 100vw, 392px\" \/><\/figure>\n\n<div class=\"wp-block-post-date\"><time datetime=\"2025-11-24T12:12:09+02:00\">24.11.2025<\/time><\/div>\n\n<h2 class=\"wp-block-post-title\"><a href=\"https:\/\/elcoline.com\/fi\/niko-haavisto-nimitetty-elcoline-group-oyn-valiaikaiseksi-talousjohtajaksi\/\" target=\"_self\" >Niko Haavisto nimitetty Elcoline Group Oy:n v\u00e4liaikaiseksi talousjohtajaksi<\/a><\/h2>\n\n<div class=\"wp-block-post-excerpt\"><p class=\"wp-block-post-excerpt__excerpt\">KTM Niko Haavisto on nimitetty Elcoline Group Oy:n v\u00e4liaikaiseksi talousjohtajaksi ja konsernin johtoryhm\u00e4n j\u00e4seneksi. H\u00e4n aloittaa teht\u00e4v\u00e4ss\u00e4 t\u00e4n\u00e4\u00e4n, 24.11., ja toimii siin\u00e4 kunnes vakituinen talousjohtaja on rekrytoitu ja astuu palvelukseen. Haavistolla on pitk\u00e4, monipuolinen tausta talousjohtajan teht\u00e4vist\u00e4 mm. Nokian Renkaissa ja CapManissa, sek\u00e4 useita hallituspaikkoja listatuissa ja listaamattomissa yhti\u00f6iss\u00e4. Elcoline&hellip;<\/p><p class=\"wp-block-post-excerpt__more-text\"><a class=\"wp-block-post-excerpt__more-link\" href=\"https:\/\/elcoline.com\/fi\/niko-haavisto-nimitetty-elcoline-group-oyn-valiaikaiseksi-talousjohtajaksi\/\">Lue lis\u00e4\u00e4<\/a><\/p><\/div><\/div>\n\n<\/li><li class=\"wp-block-post post-49186 post type-post status-publish format-standard has-post-thumbnail hentry category-uncategorized-fi\">\n\n<div class=\"wp-block-group is-layout-flow wp-block-group-is-layout-flow\" style=\"padding-top:30px;padding-right:30px;padding-bottom:30px;padding-left:30px\"><figure class=\"wp-block-post-featured-image\"><img loading=\"lazy\" decoding=\"async\" width=\"392\" height=\"387\" src=\"https:\/\/elcoline.com\/wp-content\/uploads\/2025\/08\/elcoline-default.jpg\" class=\"attachment-post-thumbnail size-post-thumbnail wp-post-image\" alt=\"\" style=\"object-fit:cover;\" srcset=\"https:\/\/elcoline.com\/wp-content\/uploads\/2025\/08\/elcoline-default.jpg 392w, https:\/\/elcoline.com\/wp-content\/uploads\/2025\/08\/elcoline-default-300x296.jpg 300w\" sizes=\"auto, (max-width: 392px) 100vw, 392px\" \/><\/figure>\n\n<div class=\"wp-block-post-date\"><time datetime=\"2025-11-13T14:59:35+02:00\">13.11.2025<\/time><\/div>\n\n<h2 class=\"wp-block-post-title\"><a href=\"https:\/\/elcoline.com\/fi\/talousjohtaja-mika-verronen-siirtyy-elcolinelta-uusiin-haasteisiin\/\" target=\"_self\" >Talousjohtaja Mika Verronen siirtyy Elcolinelta uusiin haasteisiin<\/a><\/h2>\n\n<div class=\"wp-block-post-excerpt\"><p class=\"wp-block-post-excerpt__excerpt\">Talousjohtaja Mika Verronen on p\u00e4\u00e4tt\u00e4nyt jatkaa uraansa Elcolinen ulkopuolella. H\u00e4nen viimeinen ty\u00f6p\u00e4iv\u00e4ns\u00e4 on perjantaina 14.11. Verronen on toiminut konsernin talousjohtajana ja johtoryhm\u00e4n j\u00e4senen\u00e4 1.10.2025 l\u00e4htien. Uuden talousjohtajan rekrytointi on k\u00e4ynnistetty, ja nimityksest\u00e4 tiedotetaan mahdollisimman pian. V\u00e4liaikana talousasioista vastaavat liiketoimintojen ja maiden talousosastot. Lis\u00e4tiedot Jere R\u00e4is\u00e4nen, vt. toimitusjohtaja, Elcoline Group Oypuh.&hellip;<\/p><p class=\"wp-block-post-excerpt__more-text\"><a class=\"wp-block-post-excerpt__more-link\" href=\"https:\/\/elcoline.com\/fi\/talousjohtaja-mika-verronen-siirtyy-elcolinelta-uusiin-haasteisiin\/\">Lue lis\u00e4\u00e4<\/a><\/p><\/div><\/div>\n\n<\/li><li class=\"wp-block-post post-49134 post type-post status-publish format-standard has-post-thumbnail hentry category-tiedote\">\n\n<div class=\"wp-block-group is-layout-flow wp-block-group-is-layout-flow\" style=\"padding-top:30px;padding-right:30px;padding-bottom:30px;padding-left:30px\"><figure class=\"wp-block-post-featured-image\"><img loading=\"lazy\" decoding=\"async\" width=\"1300\" height=\"860\" src=\"https:\/\/elcoline.com\/wp-content\/uploads\/2025\/11\/Loivakari-appointment_2025-11.jpg\" class=\"attachment-post-thumbnail size-post-thumbnail wp-post-image\" alt=\"\" style=\"object-fit:cover;\" srcset=\"https:\/\/elcoline.com\/wp-content\/uploads\/2025\/11\/Loivakari-appointment_2025-11.jpg 1300w, https:\/\/elcoline.com\/wp-content\/uploads\/2025\/11\/Loivakari-appointment_2025-11-300x198.jpg 300w, https:\/\/elcoline.com\/wp-content\/uploads\/2025\/11\/Loivakari-appointment_2025-11-1024x677.jpg 1024w, https:\/\/elcoline.com\/wp-content\/uploads\/2025\/11\/Loivakari-appointment_2025-11-768x508.jpg 768w\" sizes=\"auto, (max-width: 1300px) 100vw, 1300px\" \/><\/figure>\n\n<div class=\"wp-block-post-date\"><time datetime=\"2025-11-04T11:00:05+02:00\">4.11.2025<\/time><\/div>\n\n<h2 class=\"wp-block-post-title\"><a href=\"https:\/\/elcoline.com\/fi\/elcoline-panostaa-kunnonvalvontajarjestelmien-kehitykseen-toni-loivakari-nimitetty-vetamaan-jarjestelmien-ja-ictn-kehitysta\/\" target=\"_self\" >Elcoline panostaa kunnonvalvontaj\u00e4rjestelmien kehitykseen \u2013 Toni Loivakari nimitetty vet\u00e4m\u00e4\u00e4n j\u00e4rjestelmien ja ICT:n kehityst\u00e4<\/a><\/h2>\n\n<div class=\"wp-block-post-excerpt\"><p class=\"wp-block-post-excerpt__excerpt\">Toni Loivakari&nbsp;siirtyy marraskuun alussa Turbiini- ja generaattoriliiketoiminnan j\u00e4rjestelm\u00e4palveluiden johtajan paikalta johtamaan koko Elcoline-konsernin j\u00e4rjestelmien kehityst\u00e4. H\u00e4n jatkaa konsernin johtoryhm\u00e4ss\u00e4 ja raportoi vt. toimitusjohtaja&nbsp;Jere R\u00e4is\u00e4selle.&nbsp; Uudessa roolissa Loivakari vastaa asiakkaalle tarjottavien, esimerkiksi kunnonvalvontaan liittyvien \u00e4lykk\u00e4iden ratkaisujen kehityksest\u00e4. Lis\u00e4ksi h\u00e4n vastaa sis\u00e4isten prosessien ja digitaalisten ty\u00f6kalujen kehityksest\u00e4. Tavoitteena on varmistaa tiedolla johdetut,&hellip;<\/p><p class=\"wp-block-post-excerpt__more-text\"><a class=\"wp-block-post-excerpt__more-link\" href=\"https:\/\/elcoline.com\/fi\/elcoline-panostaa-kunnonvalvontajarjestelmien-kehitykseen-toni-loivakari-nimitetty-vetamaan-jarjestelmien-ja-ictn-kehitysta\/\">Lue lis\u00e4\u00e4<\/a><\/p><\/div><\/div>\n\n<\/li><li class=\"wp-block-post post-49100 post type-post status-publish format-standard has-post-thumbnail hentry category-tiedote\">\n\n<div class=\"wp-block-group is-layout-flow wp-block-group-is-layout-flow\" style=\"padding-top:30px;padding-right:30px;padding-bottom:30px;padding-left:30px\"><figure class=\"wp-block-post-featured-image\"><img loading=\"lazy\" decoding=\"async\" width=\"1300\" height=\"860\" src=\"https:\/\/elcoline.com\/wp-content\/uploads\/2025\/11\/Andersson-appointment_2025-11.jpg\" class=\"attachment-post-thumbnail size-post-thumbnail wp-post-image\" alt=\"\" style=\"object-fit:cover;\" srcset=\"https:\/\/elcoline.com\/wp-content\/uploads\/2025\/11\/Andersson-appointment_2025-11.jpg 1300w, https:\/\/elcoline.com\/wp-content\/uploads\/2025\/11\/Andersson-appointment_2025-11-300x198.jpg 300w, https:\/\/elcoline.com\/wp-content\/uploads\/2025\/11\/Andersson-appointment_2025-11-1024x677.jpg 1024w, https:\/\/elcoline.com\/wp-content\/uploads\/2025\/11\/Andersson-appointment_2025-11-768x508.jpg 768w\" sizes=\"auto, (max-width: 1300px) 100vw, 1300px\" \/><\/figure>\n\n<div class=\"wp-block-post-date\"><time datetime=\"2025-11-03T07:30:04+02:00\">3.11.2025<\/time><\/div>\n\n<h2 class=\"wp-block-post-title\"><a href=\"https:\/\/elcoline.com\/fi\/lars-hugo-andersson-nimitetty-turbiini-ja-generaattoriliiketoiminnan-johtajaksi-ja-elcoline-groupin-johtoryhman-jaseneksi\/\" target=\"_self\" >Lars-Hugo Andersson nimitetty turbiini- ja generaattoriliiketoiminnan johtajaksi ja Elcoline Groupin johtoryhm\u00e4n j\u00e4seneksi<\/a><\/h2>\n\n<div class=\"wp-block-post-excerpt\"><p class=\"wp-block-post-excerpt__excerpt\">Lars-Hugo Andersson on nimitetty TGS Finland Oy:n ja TGS Sweden AB:n toimitusjohtajaksi sek\u00e4 liiketoiminnan vet\u00e4j\u00e4ksi 1.11.2025 alkaen. H\u00e4n liittyy Elcoline Groupin johtoryhm\u00e4\u00e4n ja raportoi konsernin vt. toimitusjohtajalle Jere R\u00e4is\u00e4selle.\u00a0 Anderssonilla on vahva kokemus teollisuuden palveluliiketoiminnasta ja johtamisesta Ruotsissa sek\u00e4 kansainv\u00e4lisesti. H\u00e4n johti aiemmin TGS-liiketoimintaa t\u00e4m\u00e4n vuoden kev\u00e4\u00e4seen asti. Sit\u00e4 ennen&hellip;<\/p><p class=\"wp-block-post-excerpt__more-text\"><a class=\"wp-block-post-excerpt__more-link\" href=\"https:\/\/elcoline.com\/fi\/lars-hugo-andersson-nimitetty-turbiini-ja-generaattoriliiketoiminnan-johtajaksi-ja-elcoline-groupin-johtoryhman-jaseneksi\/\">Lue lis\u00e4\u00e4<\/a><\/p><\/div><\/div>\n\n<\/li><li class=\"wp-block-post post-49065 post type-post status-publish format-standard has-post-thumbnail hentry category-uutinen\">\n\n<div class=\"wp-block-group is-layout-flow wp-block-group-is-layout-flow\" style=\"padding-top:30px;padding-right:30px;padding-bottom:30px;padding-left:30px\"><figure class=\"wp-block-post-featured-image\"><img loading=\"lazy\" decoding=\"async\" width=\"1024\" height=\"683\" src=\"https:\/\/elcoline.com\/wp-content\/uploads\/2025\/10\/Nauhan_leikkuu_Elcoline-62.jpg\" class=\"attachment-post-thumbnail size-post-thumbnail wp-post-image\" alt=\"\" style=\"object-fit:cover;\" srcset=\"https:\/\/elcoline.com\/wp-content\/uploads\/2025\/10\/Nauhan_leikkuu_Elcoline-62.jpg 1024w, https:\/\/elcoline.com\/wp-content\/uploads\/2025\/10\/Nauhan_leikkuu_Elcoline-62-300x200.jpg 300w, https:\/\/elcoline.com\/wp-content\/uploads\/2025\/10\/Nauhan_leikkuu_Elcoline-62-768x512.jpg 768w\" sizes=\"auto, (max-width: 1024px) 100vw, 1024px\" \/><\/figure>\n\n<div class=\"wp-block-post-date\"><time datetime=\"2025-10-23T07:52:32+03:00\">23.10.2025<\/time><\/div>\n\n<h2 class=\"wp-block-post-title\"><a href=\"https:\/\/elcoline.com\/fi\/varkauden-toimipiste-virallisesti-avattu-elcolinen-toiminnot-keskitetty-pirtinniemen-perinteikkaalle-teollisuusalueelle\/\" target=\"_self\" >Varkauden toimipiste virallisesti avattu \u2013 Elcolinen toiminnot keskitetty Pirtinniemen perinteikk\u00e4\u00e4lle teollisuusalueelle<\/a><\/h2>\n\n<div class=\"wp-block-post-excerpt\"><p class=\"wp-block-post-excerpt__excerpt\">Teollisuuden palveluyritys Elcoline on juhlistanut uuden Varkauden toimipisteens\u00e4 virallisia avajaisia. Tilaisuudessa puhuivat ja nauhan leikkasivat Varkauden kaupunginjohtaja Joonas H\u00e4nninen sek\u00e4 Elcolinen perustajat, vt. toimitusjohtaja Jere R\u00e4is\u00e4nen ja hallituksen j\u00e4sen Jouko Juvonen. Avajaisiin osallistuivat asiakkaiden ja kumppanien lis\u00e4ksi Elcolinen henkil\u00f6st\u00f6. Varkaudessa on tehty yhti\u00f6n historian suurin, noin miljoonan euron investointi tuotantotiloihin.&hellip;<\/p><p class=\"wp-block-post-excerpt__more-text\"><a class=\"wp-block-post-excerpt__more-link\" href=\"https:\/\/elcoline.com\/fi\/varkauden-toimipiste-virallisesti-avattu-elcolinen-toiminnot-keskitetty-pirtinniemen-perinteikkaalle-teollisuusalueelle\/\">Lue lis\u00e4\u00e4<\/a><\/p><\/div><\/div>\n\n<\/li><li class=\"wp-block-post post-48956 post type-post status-publish format-standard has-post-thumbnail hentry category-uncategorized-fi\">\n\n<div class=\"wp-block-group is-layout-flow wp-block-group-is-layout-flow\" style=\"padding-top:30px;padding-right:30px;padding-bottom:30px;padding-left:30px\"><figure class=\"wp-block-post-featured-image\"><img loading=\"lazy\" decoding=\"async\" width=\"392\" height=\"387\" src=\"https:\/\/elcoline.com\/wp-content\/uploads\/2025\/08\/elcoline-default.jpg\" class=\"attachment-post-thumbnail size-post-thumbnail wp-post-image\" alt=\"\" style=\"object-fit:cover;\" srcset=\"https:\/\/elcoline.com\/wp-content\/uploads\/2025\/08\/elcoline-default.jpg 392w, https:\/\/elcoline.com\/wp-content\/uploads\/2025\/08\/elcoline-default-300x296.jpg 300w\" sizes=\"auto, (max-width: 392px) 100vw, 392px\" \/><\/figure>\n\n<div class=\"wp-block-post-date\"><time datetime=\"2025-09-26T06:00:25+03:00\">26.9.2025<\/time><\/div>\n\n<h2 class=\"wp-block-post-title\"><a href=\"https:\/\/elcoline.com\/fi\/muutoksia-elcoline-groupin-johdossa\/\" target=\"_self\" >Muutoksia Elcoline Groupin johdossa<\/a><\/h2>\n\n<div class=\"wp-block-post-excerpt\"><p class=\"wp-block-post-excerpt__excerpt\">Elcoline Group Oy:n hallitus ja toimitusjohtaja&nbsp;Elina Engman&nbsp;ovat yhteisesti sopineet, ett\u00e4 Engman j\u00e4tt\u00e4\u00e4 yhti\u00f6n. Yhti\u00f6n hallitus k\u00e4ynnist\u00e4\u00e4 uuden toimitusjohtajan hakuprosessin. Konsernin v\u00e4liaikaisena toimitusjohtajana toimii t\u00e4st\u00e4 alkaen nykyinen hallituksen puheenjohtaja ja toinen perustaja&nbsp;Jere R\u00e4is\u00e4nen. Samalla yhti\u00f6n nykyinen hallituksen j\u00e4sen&nbsp;Ari Lehtoranta&nbsp;ottaa vastaan hallituksen puheenjohtajan teht\u00e4v\u00e4n. \u201cElcoline Groupin vahva yritysostovetoinen kasvu edellytt\u00e4\u00e4 uudenlaista johtamista.&hellip;<\/p><p class=\"wp-block-post-excerpt__more-text\"><a class=\"wp-block-post-excerpt__more-link\" href=\"https:\/\/elcoline.com\/fi\/muutoksia-elcoline-groupin-johdossa\/\">Lue lis\u00e4\u00e4<\/a><\/p><\/div><\/div>\n\n<\/li><li class=\"wp-block-post post-48226 post type-post status-publish format-standard has-post-thumbnail hentry category-suomi category-uutinen category-yleinen\">\n\n<div class=\"wp-block-group is-layout-flow wp-block-group-is-layout-flow\" style=\"padding-top:30px;padding-right:30px;padding-bottom:30px;padding-left:30px\"><figure class=\"wp-block-post-featured-image\"><img loading=\"lazy\" decoding=\"async\" width=\"848\" height=\"678\" src=\"https:\/\/elcoline.com\/wp-content\/uploads\/2025\/09\/Verronen-nimitys-intra.png\" class=\"attachment-post-thumbnail size-post-thumbnail wp-post-image\" alt=\"Mika Verronen\" style=\"object-fit:cover;\" srcset=\"https:\/\/elcoline.com\/wp-content\/uploads\/2025\/09\/Verronen-nimitys-intra.png 848w, https:\/\/elcoline.com\/wp-content\/uploads\/2025\/09\/Verronen-nimitys-intra-300x240.png 300w, https:\/\/elcoline.com\/wp-content\/uploads\/2025\/09\/Verronen-nimitys-intra-768x614.png 768w\" sizes=\"auto, (max-width: 848px) 100vw, 848px\" \/><\/figure>\n\n<div class=\"wp-block-post-date\"><time datetime=\"2025-09-03T05:39:52+03:00\">3.9.2025<\/time><\/div>\n\n<h2 class=\"wp-block-post-title\"><a href=\"https:\/\/elcoline.com\/fi\/mika-verronen-elcoline-konsernin-talous-ja-rahoitusjohtajaksi-vahvistamaan-kasvustrategian-toteutusta\/\" target=\"_self\" >Mika Verronen Elcoline-konsernin talous- ja rahoitusjohtajaksi vahvistamaan kasvustrategian toteutusta<\/a><\/h2>\n\n<div class=\"wp-block-post-excerpt\"><p class=\"wp-block-post-excerpt__excerpt\">Teollisuuden teknisiin palveluihin erikoistunut Elcoline Group on nimitt\u00e4nyt KTM Mika Verrosen talous- ja rahoitusjohtajaksi sek\u00e4 johtoryhm\u00e4n j\u00e4seneksi 1.10.2025 alkaen. Nimitys tukee konsernin kasvustrategiaa ja vahvistaa taloudellista yhten\u00e4isyytt\u00e4 kaikissa konserniyhti\u00f6iss\u00e4, joita ovat Elcoline Oy ja SSG Sahala Oy Suomessa, Elcoline AB Ruotsissa sek\u00e4 Turbiini- ja generaattoripalvelut (TGS) Suomessa ja Ruotsissa. Mika&hellip;<\/p><p class=\"wp-block-post-excerpt__more-text\"><a class=\"wp-block-post-excerpt__more-link\" href=\"https:\/\/elcoline.com\/fi\/mika-verronen-elcoline-konsernin-talous-ja-rahoitusjohtajaksi-vahvistamaan-kasvustrategian-toteutusta\/\">Lue lis\u00e4\u00e4<\/a><\/p><\/div><\/div>\n\n<\/li><li class=\"wp-block-post post-48241 post type-post status-publish format-standard has-post-thumbnail hentry category-suomi category-uutinen\">\n\n<div class=\"wp-block-group is-layout-flow wp-block-group-is-layout-flow\" style=\"padding-top:30px;padding-right:30px;padding-bottom:30px;padding-left:30px\"><figure class=\"wp-block-post-featured-image\"><img loading=\"lazy\" decoding=\"async\" width=\"392\" height=\"387\" src=\"https:\/\/elcoline.com\/wp-content\/uploads\/2025\/08\/elcoline-default.jpg\" class=\"attachment-post-thumbnail size-post-thumbnail wp-post-image\" alt=\"\" style=\"object-fit:cover;\" srcset=\"https:\/\/elcoline.com\/wp-content\/uploads\/2025\/08\/elcoline-default.jpg 392w, https:\/\/elcoline.com\/wp-content\/uploads\/2025\/08\/elcoline-default-300x296.jpg 300w\" sizes=\"auto, (max-width: 392px) 100vw, 392px\" \/><\/figure>\n\n<div class=\"wp-block-post-date\"><time datetime=\"2025-08-27T06:05:42+03:00\">27.8.2025<\/time><\/div>\n\n<h2 class=\"wp-block-post-title\"><a href=\"https:\/\/elcoline.com\/fi\/elcoline-selkeyttaa-yhtiorakennettaan-suomen-kolmanneksi-suurin-teollisuuden-kunnossapitaja-valmistautuu-seuraavaan-kasvuloikkaan\/\" target=\"_self\" >Elcoline selkeytt\u00e4\u00e4 yhti\u00f6rakennettaan \u2013 Suomen kolmanneksi suurin teollisuuden kunnossapit\u00e4j\u00e4 valmistautuu seuraavaan kasvuloikkaan<\/a><\/h2>\n\n<div class=\"wp-block-post-excerpt\"><p class=\"wp-block-post-excerpt__excerpt\">Monipuolisia teknisi\u00e4 palveluita ja ratkaisuja teollisuudelle tarjoavat Elcoline Construction Oy, Elcoline Industrial Service Oy sek\u00e4 Elcoline Power Oy yhdistyv\u00e4t Elcoline Oy:n kanssa 1.9. Yhdistyminen on osa strategista siirtym\u00e4\u00e4 kohti yhten\u00e4ist\u00e4 Elcoline-br\u00e4ndi\u00e4, joka viestii selke\u00e4mmin yrityksen palvelukokonaisuudesta. Se selkeytt\u00e4\u00e4 my\u00f6s Elcoline-konsernin rakennetta luoden sis\u00e4ist\u00e4 yhten\u00e4isyytt\u00e4 ja synergiaetuja. Yhdistyminen on jatkoa hein\u00e4kuiselle&hellip;<\/p><p class=\"wp-block-post-excerpt__more-text\"><a class=\"wp-block-post-excerpt__more-link\" href=\"https:\/\/elcoline.com\/fi\/elcoline-selkeyttaa-yhtiorakennettaan-suomen-kolmanneksi-suurin-teollisuuden-kunnossapitaja-valmistautuu-seuraavaan-kasvuloikkaan\/\">Lue lis\u00e4\u00e4<\/a><\/p><\/div><\/div>\n\n<\/li><li class=\"wp-block-post post-47150 post type-post status-publish format-standard has-post-thumbnail hentry category-suomi category-uutinen\">\n\n<div class=\"wp-block-group is-layout-flow wp-block-group-is-layout-flow\" style=\"padding-top:30px;padding-right:30px;padding-bottom:30px;padding-left:30px\"><figure class=\"wp-block-post-featured-image\"><img loading=\"lazy\" decoding=\"async\" width=\"392\" height=\"387\" src=\"https:\/\/elcoline.com\/wp-content\/uploads\/2025\/08\/elcoline-default.jpg\" class=\"attachment-post-thumbnail size-post-thumbnail wp-post-image\" alt=\"\" style=\"object-fit:cover;\" srcset=\"https:\/\/elcoline.com\/wp-content\/uploads\/2025\/08\/elcoline-default.jpg 392w, https:\/\/elcoline.com\/wp-content\/uploads\/2025\/08\/elcoline-default-300x296.jpg 300w\" sizes=\"auto, (max-width: 392px) 100vw, 392px\" \/><\/figure>\n\n<div class=\"wp-block-post-date\"><time datetime=\"2025-08-25T13:10:54+03:00\">25.8.2025<\/time><\/div>\n\n<h2 class=\"wp-block-post-title\"><a href=\"https:\/\/elcoline.com\/fi\/elcoline-plant-service-oyn-toiminimi-on-muuttunut-uusi-nimi-on-elcoline-oy\/\" target=\"_self\" >Elcoline Plant Service Oy:n toiminimi on muuttunut \u2013 uusi nimi on Elcoline Oy<\/a><\/h2>\n\n<div class=\"wp-block-post-excerpt\"><p class=\"wp-block-post-excerpt__excerpt\">Nimenmuutos on osa strategiaamme kohti yhten\u00e4ist\u00e4 Elcoline-br\u00e4ndi\u00e4. Nimenmuutoksen tarkoituksena on selkeytt\u00e4\u00e4 Elcoline konsernin rakennetta sek\u00e4 viesti\u00e4 selke\u00e4mmin tarjoamiemme palveluiden kokonaisuudesta. Strategiamme mukaisesti etenemme kohti yhten\u00e4ist\u00e4 Elcolinea, jonka my\u00f6t\u00e4 Elcoline Plant Service Oy:n toiminimi on muuttunut Elcoline Oy:ksi 8.7.2025. Nimenmuutos ei vaikuta yrityksen y-tunnukseen, olemassa oleviin sopimuksiin, velvoitteisiin tai muihin laskutustietoihin&hellip;<\/p><p class=\"wp-block-post-excerpt__more-text\"><a class=\"wp-block-post-excerpt__more-link\" href=\"https:\/\/elcoline.com\/fi\/elcoline-plant-service-oyn-toiminimi-on-muuttunut-uusi-nimi-on-elcoline-oy\/\">Lue lis\u00e4\u00e4<\/a><\/p><\/div><\/div>\n\n<\/li><li class=\"wp-block-post post-47154 post type-post status-publish format-standard has-post-thumbnail hentry category-suomi category-uutinen\">\n\n<div class=\"wp-block-group is-layout-flow wp-block-group-is-layout-flow\" style=\"padding-top:30px;padding-right:30px;padding-bottom:30px;padding-left:30px\"><figure class=\"wp-block-post-featured-image\"><img loading=\"lazy\" decoding=\"async\" width=\"2048\" height=\"1801\" src=\"https:\/\/elcoline.com\/wp-content\/uploads\/2025\/08\/Andritz-and-Elcoline-5-2048x1801-1.jpeg\" class=\"attachment-post-thumbnail size-post-thumbnail wp-post-image\" alt=\"\" style=\"object-fit:cover;\" srcset=\"https:\/\/elcoline.com\/wp-content\/uploads\/2025\/08\/Andritz-and-Elcoline-5-2048x1801-1.jpeg 2048w, https:\/\/elcoline.com\/wp-content\/uploads\/2025\/08\/Andritz-and-Elcoline-5-2048x1801-1-300x264.jpeg 300w, https:\/\/elcoline.com\/wp-content\/uploads\/2025\/08\/Andritz-and-Elcoline-5-2048x1801-1-1024x901.jpeg 1024w, https:\/\/elcoline.com\/wp-content\/uploads\/2025\/08\/Andritz-and-Elcoline-5-2048x1801-1-768x675.jpeg 768w, https:\/\/elcoline.com\/wp-content\/uploads\/2025\/08\/Andritz-and-Elcoline-5-2048x1801-1-1536x1351.jpeg 1536w\" sizes=\"auto, (max-width: 2048px) 100vw, 2048px\" \/><\/figure>\n\n<div class=\"wp-block-post-date\"><time datetime=\"2025-07-01T12:54:39+03:00\">1.7.2025<\/time><\/div>\n\n<h2 class=\"wp-block-post-title\"><a href=\"https:\/\/elcoline.com\/fi\/elcoline-on-aloittanut-kunnossapitokumppanina-andritz-warkaus-works-oyn-ja-andritz-savonlinna-works-oyn-konepajoilla\/\" target=\"_self\" >Elcoline on aloittanut kunnossapitokumppanina ANDRITZ Warkaus Works Oy:n ja ANDRITZ Savonlinna Works Oy:n konepajoilla<\/a><\/h2>\n\n<div class=\"wp-block-post-excerpt\"><p class=\"wp-block-post-excerpt__excerpt\">ANDRITZ Savonlinna Worksin, ANDRITZ Warkaus Worksin ja Elcolinen yhteisty\u00f6 tiivistyy entisest\u00e4\u00e4n tammikuussa solmitun palvelusopimuksen my\u00f6t\u00e4. Kuvassa: Antsu Kolari (oik.), Tapio Waris, Elina Engman, Antti Kettunen, Timo Rahikainen ja John Lahtinen. Kuva: Elcoline Elcoline on 1.7.2025 alkaen virallisesti aloittanut kunnossapitopalveluiden tuottamisen ANDRITZ Warkaus Works Oy:n ja ANDRITZ Savonlinna Works Oy:n konepajoille.&hellip;<\/p><p class=\"wp-block-post-excerpt__more-text\"><a class=\"wp-block-post-excerpt__more-link\" href=\"https:\/\/elcoline.com\/fi\/elcoline-on-aloittanut-kunnossapitokumppanina-andritz-warkaus-works-oyn-ja-andritz-savonlinna-works-oyn-konepajoilla\/\">Lue lis\u00e4\u00e4<\/a><\/p><\/div><\/div>\n\n<\/li><li class=\"wp-block-post post-45728 post type-post status-publish format-standard has-post-thumbnail hentry category-release category-suomi\">\n\n<div class=\"wp-block-group is-layout-flow wp-block-group-is-layout-flow\" style=\"padding-top:30px;padding-right:30px;padding-bottom:30px;padding-left:30px\">\n\n<div class=\"wp-block-post-date\"><time datetime=\"2025-05-15T08:00:00+03:00\">15.5.2025<\/time><\/div>\n\n<h2 class=\"wp-block-post-title\"><a href=\"https:\/\/elcoline.com\/fi\/mikko-kettunen-teollisuuden-kasvuyhtio-elcolinen-uudeksi-hallituksen-jaseneksi\/\" target=\"_self\" >Mikko Kettunen teollisuuden kasvuyhti\u00f6 Elcolinen uudeksi hallituksen j\u00e4seneksi<\/a><\/h2>\n\n<div class=\"wp-block-post-excerpt\"><p class=\"wp-block-post-excerpt__excerpt\">Pohjoismaisen teollisuuden teknisi\u00e4 palveluita tarjoavan Elcolinen yhti\u00f6kokous p\u00e4\u00e4tti 8.5.2025 valita uudeksi hallituksen j\u00e4seneksi KTM Mikko Kettusen. Kettunen aloittaa Elcoline Group Oy:n hallituksessa Jari Osmalan hallituskauden p\u00e4\u00e4ttyess\u00e4. Hallitukseen valittiin lis\u00e4ksi uudelleen puheenjohtajaksi Jere R\u00e4is\u00e4nen, sek\u00e4 j\u00e4seniksi Ari Lehtoranta, Kia Aejmelaeus ja Jouko Juvonen. \u201dMikko Kettunen on vahva lis\u00e4 hallitukseemme, h\u00e4nen vahva&hellip;<\/p><p class=\"wp-block-post-excerpt__more-text\"><a class=\"wp-block-post-excerpt__more-link\" href=\"https:\/\/elcoline.com\/fi\/mikko-kettunen-teollisuuden-kasvuyhtio-elcolinen-uudeksi-hallituksen-jaseneksi\/\">Lue lis\u00e4\u00e4<\/a><\/p><\/div><\/div>\n\n<\/li><li class=\"wp-block-post post-45697 post type-post status-publish format-standard has-post-thumbnail hentry category-asiakastarina category-suomi\">\n\n<div class=\"wp-block-group is-layout-flow wp-block-group-is-layout-flow\" style=\"padding-top:30px;padding-right:30px;padding-bottom:30px;padding-left:30px\">\n\n<div class=\"wp-block-post-date\"><time datetime=\"2025-04-30T12:41:43+03:00\">30.4.2025<\/time><\/div>\n\n<h2 class=\"wp-block-post-title\"><a href=\"https:\/\/elcoline.com\/fi\/elcoline-auttaa-pitamaan-riihimakelaiset-lampimina\/\" target=\"_self\" >Elcoline auttaa pit\u00e4m\u00e4\u00e4n riihim\u00e4kel\u00e4iset l\u00e4mpimin\u00e4<\/a><\/h2>\n\n<div class=\"wp-block-post-excerpt\"><p class=\"wp-block-post-excerpt__excerpt\">Riihim\u00e4en Kaukol\u00e4mp\u00f6 Oy tuottaa kaukol\u00e4mp\u00f6\u00e4 20\u00a0000 riihim\u00e4kel\u00e4iselle. Vuodesta 2021 Elcoline on ollut mukana pit\u00e4m\u00e4ss\u00e4 huolta, ettei riihim\u00e4kel\u00e4isi\u00e4 palele kaukol\u00e4mp\u00f6laitoksen vika- tai h\u00e4iri\u00f6tilanteissakaan. Elcoline vastaa Riihim\u00e4en Kaukol\u00e4mm\u00f6n O&amp;M-toiminnoista eli k\u00e4ytt\u00f6- ja kunnossapidosta. Sen teht\u00e4v\u00e4n\u00e4 on huolehtia, ett\u00e4 kaukol\u00e4mp\u00f6laitokset toimivat moitteetta, huollot tehd\u00e4\u00e4n suunnitellusti ja vikatilanteissa reagoidaan nopeasti. \u201dMeid\u00e4n operatiivisen toimintamme kannalta&hellip;<\/p><p class=\"wp-block-post-excerpt__more-text\"><a class=\"wp-block-post-excerpt__more-link\" href=\"https:\/\/elcoline.com\/fi\/elcoline-auttaa-pitamaan-riihimakelaiset-lampimina\/\">Lue lis\u00e4\u00e4<\/a><\/p><\/div><\/div>\n\n<\/li><li class=\"wp-block-post post-45064 post type-post status-publish format-standard has-post-thumbnail hentry category-release category-suomi tag-kunnossapitopalvelut tag-teollisuuden-kunnossapito tag-tuotannon-sujuvuus tag-turvallisuus tag-valmistava-teollisuus\">\n\n<div class=\"wp-block-group is-layout-flow wp-block-group-is-layout-flow\" style=\"padding-top:30px;padding-right:30px;padding-bottom:30px;padding-left:30px\">\n\n<div class=\"wp-block-post-date\"><time datetime=\"2025-02-10T09:00:00+02:00\">10.2.2025<\/time><\/div>\n\n<h2 class=\"wp-block-post-title\"><a href=\"https:\/\/elcoline.com\/fi\/andritz-warkaus-works-oyn-ja-andritz-savonlinna-works-oyn-kunnossapitopalveluiden-kumppani-vaihtuu\/\" target=\"_self\" >ANDRITZ Warkaus Works Oy:n ja ANDRITZ Savonlinna Works Oy:n kunnossapitopalveluiden kumppani vaihtuu<\/a><\/h2>\n\n<div class=\"wp-block-post-excerpt\"><p class=\"wp-block-post-excerpt__excerpt\">ANDRITZ Warkaus Works Oy ja ANDRITZ Savonlinna Works Oy ovat 29.01.2025 allekirjoittaneet Elcoline Industrial Service Oy:n kanssa palvelusopimuksen kunnossapitopalveluiden toteuttamisesta. Palvelusopimuksen my\u00f6t\u00e4 Elcoline vastaa kunnossapidon palveluista Varkauden ja Savonlinnan konepajoille 1.7.2025 alkaen. Kumppanuuden perustana on osapuolten vahva ja pitk\u00e4j\u00e4nteinen panostaminen turvallisuuden ja toimintojen jatkuvaan parantamiseen sek\u00e4 kehitt\u00e4miseen. Palvelusopimuksen my\u00f6t\u00e4 yhteisty\u00f6&hellip;<\/p><p class=\"wp-block-post-excerpt__more-text\"><a class=\"wp-block-post-excerpt__more-link\" href=\"https:\/\/elcoline.com\/fi\/andritz-warkaus-works-oyn-ja-andritz-savonlinna-works-oyn-kunnossapitopalveluiden-kumppani-vaihtuu\/\">Lue lis\u00e4\u00e4<\/a><\/p><\/div><\/div>\n\n<\/li><li class=\"wp-block-post post-44786 post type-post status-publish format-standard has-post-thumbnail hentry category-release category-suomi\">\n\n<div class=\"wp-block-group is-layout-flow wp-block-group-is-layout-flow\" style=\"padding-top:30px;padding-right:30px;padding-bottom:30px;padding-left:30px\">\n\n<div class=\"wp-block-post-date\"><time datetime=\"2024-12-31T14:59:03+02:00\">31.12.2024<\/time><\/div>\n\n<h2 class=\"wp-block-post-title\"><a href=\"https:\/\/elcoline.com\/fi\/elcolinen-turbiini-ja-generaattoripalveluiden-osto-fortumilta-on-toteutunut-kaupan-myota-elcoline-vahvistaa-asemaansa-pohjoismaisena-teollisuuden-teknisten-palvelujen-tuottajana\/\" target=\"_self\" >Elcolinen Turbiini- ja generaattoripalveluiden osto Fortumilta on toteutunut \u2013 Kaupan my\u00f6t\u00e4 Elcoline vahvistaa asemaansa pohjoismaisena teollisuuden teknisten palvelujen tuottajana<\/a><\/h2>\n\n<div class=\"wp-block-post-excerpt\"><p class=\"wp-block-post-excerpt__excerpt\">Yritysoston my\u00f6t\u00e4 Elcoline vahvistaa asemaansa kriittisen infrastruktuurin huollossa ja kunnossapidossa, ja tulee ty\u00f6llist\u00e4m\u00e4\u00e4n yhteens\u00e4 l\u00e4hes 1000 ammattilaista Suomessa, Ruotsissa ja Saksassa. Elcoline Group Oy (\u201dElcoline\u201d) allekirjoitti 1.11.2024 sopimuksen Fortumin Turbiini- ja generaattoripalvelut (\u201dTGS\u201d) -liiketoiminnan ostamisesta. Elcoline on saanut tarvittavat viranomaishyv\u00e4ksynn\u00e4t ja muut kaupan ehdot ovat t\u00e4yttyneet 31.12.2024. TGS on asiakkaiden&hellip;<\/p><p class=\"wp-block-post-excerpt__more-text\"><a class=\"wp-block-post-excerpt__more-link\" href=\"https:\/\/elcoline.com\/fi\/elcolinen-turbiini-ja-generaattoripalveluiden-osto-fortumilta-on-toteutunut-kaupan-myota-elcoline-vahvistaa-asemaansa-pohjoismaisena-teollisuuden-teknisten-palvelujen-tuottajana\/\">Lue lis\u00e4\u00e4<\/a><\/p><\/div><\/div>\n\n<\/li><li class=\"wp-block-post post-43940 post type-post status-publish format-standard has-post-thumbnail hentry category-release category-suomi\">\n\n<div class=\"wp-block-group is-layout-flow wp-block-group-is-layout-flow\" style=\"padding-top:30px;padding-right:30px;padding-bottom:30px;padding-left:30px\">\n\n<div class=\"wp-block-post-date\"><time datetime=\"2024-11-01T17:40:01+02:00\">1.11.2024<\/time><\/div>\n\n<h2 class=\"wp-block-post-title\"><a href=\"https:\/\/elcoline.com\/fi\/elcoline-jatkaa-kasvuaan-ja-ostaa-turbiini-ja-generaattoripalvelut-fortumilta-hankinnan-myota-elcoline-vahvistaa-asemaansa-pohjoismaisena-teollisuuden-teknisten-palvelujen-tuottajana\/\" target=\"_self\" >Elcoline jatkaa kasvuaan ja ostaa Turbiini- ja generaattoripalvelut Fortumilta \u2013 Hankinnan my\u00f6t\u00e4 Elcoline vahvistaa asemaansa pohjoismaisena teollisuuden teknisten palvelujen tuottajana<\/a><\/h2>\n\n<div class=\"wp-block-post-excerpt\"><p class=\"wp-block-post-excerpt__excerpt\">Yrityskauppa vahvistaa Elcolinen asemaa teollisuuden teknisten palvelujen tuottajana ja laajentaa kriittisen infrastruktuurin huoltopalveluiden ja kunnossapidon tarjontaa. Yrityskauppa on Elcolinen kasvustrategian mukainen ja tuo uusia mahdollisuuksia asiakkaille sek\u00e4 henkil\u00f6st\u00f6lle. Elcoline Group Oy on allekirjoittanut 1.11.2024 sopimuksen Fortum-konsernin Turbiini- ja generaattoripalvelut (\u201dTGS\u201d) -liiketoiminnan ostamisesta. Yritysoston my\u00f6t\u00e4 Elcoline vahvistaa asemaansa energiateollisuuden kriittisen infrastruktuurin&hellip;<\/p><p class=\"wp-block-post-excerpt__more-text\"><a class=\"wp-block-post-excerpt__more-link\" href=\"https:\/\/elcoline.com\/fi\/elcoline-jatkaa-kasvuaan-ja-ostaa-turbiini-ja-generaattoripalvelut-fortumilta-hankinnan-myota-elcoline-vahvistaa-asemaansa-pohjoismaisena-teollisuuden-teknisten-palvelujen-tuottajana\/\">Lue lis\u00e4\u00e4<\/a><\/p><\/div><\/div>\n\n<\/li><li class=\"wp-block-post post-43925 post type-post status-publish format-standard has-post-thumbnail hentry category-suomi category-yleinen\">\n\n<div class=\"wp-block-group is-layout-flow wp-block-group-is-layout-flow\" style=\"padding-top:30px;padding-right:30px;padding-bottom:30px;padding-left:30px\">\n\n<div class=\"wp-block-post-date\"><time datetime=\"2024-11-01T10:00:14+02:00\">1.11.2024<\/time><\/div>\n\n<h2 class=\"wp-block-post-title\"><a href=\"https:\/\/elcoline.com\/fi\/reija-mantila-elcoline-konsernin-uudeksi-hr-ja-hseq-johtajaksi-tuo-vahvaa-osaamista-kasvun-tueksi\/\" target=\"_self\" >Reija Mantila Elcoline-konsernin uudeksi HR ja HSEQ-johtajaksi \u2013 Tuo vahvaa osaamista kasvun tueksi<\/a><\/h2>\n\n<div class=\"wp-block-post-excerpt\"><p class=\"wp-block-post-excerpt__excerpt\">Elcoline Group-konsernin uutena HR &amp; HSEQ-johtajana on aloittanut 1.11.2024 Reija Mantila, joka vastaa henkil\u00f6st\u00f6hallinnon (HR) sek\u00e4 terveys-, turvallisuus-, ymp\u00e4rist\u00f6- ja laatuasioiden (HSEQ) johtamisesta ja kehitt\u00e4misest\u00e4 tukien yhti\u00f6n liiketoimintaa ja strategiaa. H\u00e4n toimii tiimins\u00e4 esihenkil\u00f6n\u00e4 ja Group-johtoryhm\u00e4n j\u00e4senen\u00e4. Mantilalla on yli 10 vuoden monipuolinen kokemus palveluliiketoiminnassa, erityisesti henkil\u00f6st\u00f6prosessien ja turvallisuustoimintojen johtamisesta&hellip;<\/p><p class=\"wp-block-post-excerpt__more-text\"><a class=\"wp-block-post-excerpt__more-link\" href=\"https:\/\/elcoline.com\/fi\/reija-mantila-elcoline-konsernin-uudeksi-hr-ja-hseq-johtajaksi-tuo-vahvaa-osaamista-kasvun-tueksi\/\">Lue lis\u00e4\u00e4<\/a><\/p><\/div><\/div>\n\n<\/li><li class=\"wp-block-post post-43324 post type-post status-publish format-standard has-post-thumbnail hentry category-suomi category-uutinen\">\n\n<div class=\"wp-block-group is-layout-flow wp-block-group-is-layout-flow\" style=\"padding-top:30px;padding-right:30px;padding-bottom:30px;padding-left:30px\">\n\n<div class=\"wp-block-post-date\"><time datetime=\"2024-09-02T16:58:00+03:00\">2.9.2024<\/time><\/div>\n\n<h2 class=\"wp-block-post-title\"><a href=\"https:\/\/elcoline.com\/fi\/elcolinen-uusi-toimitusjohtaja-elina-engman-on-aloittanut-tehtavassaan\/\" target=\"_self\" >Elcolinen uusi toimitusjohtaja Elina Engman on aloittanut teht\u00e4v\u00e4ss\u00e4\u00e4n<\/a><\/h2>\n\n<div class=\"wp-block-post-excerpt\"><p class=\"wp-block-post-excerpt__excerpt\">Elcoline Group Oy:n uusi toimitusjohtaja Elina Engman on aloittanut teht\u00e4v\u00e4ss\u00e4\u00e4n 1.9.2024. Ensimm\u00e4isen\u00e4 ty\u00f6p\u00e4iv\u00e4n\u00e4\u00e4n Engman on vieraillut yhti\u00f6n synnyinseudulla Varkaudessa tutustumassa henkil\u00f6st\u00f6\u00f6n ja yhti\u00f6n toimintaan. Engmanin laaja kokemus ja osaaminen teollisuuden parista ovat avain Elcolinen seuraavan kunnianhimoisen kasvutavoitteen toteuttamiseen. Uuden toimitusjohtajan johdolla yhti\u00f6 jatkaa vahvaa ja kannattavaa kasvumatkaa kohti 250 miljoonan&hellip;<\/p><p class=\"wp-block-post-excerpt__more-text\"><a class=\"wp-block-post-excerpt__more-link\" href=\"https:\/\/elcoline.com\/fi\/elcolinen-uusi-toimitusjohtaja-elina-engman-on-aloittanut-tehtavassaan\/\">Lue lis\u00e4\u00e4<\/a><\/p><\/div><\/div>\n\n<\/li><li class=\"wp-block-post post-43102 post type-post status-publish format-standard has-post-thumbnail hentry category-release category-suomi category-uutinen tag-elcoline tag-kunnossapito tag-yrityskauppa\">\n\n<div class=\"wp-block-group is-layout-flow wp-block-group-is-layout-flow\" style=\"padding-top:30px;padding-right:30px;padding-bottom:30px;padding-left:30px\"><figure class=\"wp-block-post-featured-image\"><img loading=\"lazy\" decoding=\"async\" width=\"2000\" height=\"1450\" src=\"https:\/\/elcoline.com\/wp-content\/uploads\/2024\/08\/PetraThoren_web_DSC0418.jpg\" class=\"attachment-post-thumbnail size-post-thumbnail wp-post-image\" alt=\"\" style=\"object-fit:cover;\" srcset=\"https:\/\/elcoline.com\/wp-content\/uploads\/2024\/08\/PetraThoren_web_DSC0418.jpg 2000w, https:\/\/elcoline.com\/wp-content\/uploads\/2024\/08\/PetraThoren_web_DSC0418-300x218.jpg 300w, https:\/\/elcoline.com\/wp-content\/uploads\/2024\/08\/PetraThoren_web_DSC0418-1024x742.jpg 1024w, https:\/\/elcoline.com\/wp-content\/uploads\/2024\/08\/PetraThoren_web_DSC0418-768x557.jpg 768w, https:\/\/elcoline.com\/wp-content\/uploads\/2024\/08\/PetraThoren_web_DSC0418-1536x1114.jpg 1536w\" sizes=\"auto, (max-width: 2000px) 100vw, 2000px\" \/><\/figure>\n\n<div class=\"wp-block-post-date\"><time datetime=\"2024-08-19T09:00:00+03:00\">19.8.2024<\/time><\/div>\n\n<h2 class=\"wp-block-post-title\"><a href=\"https:\/\/elcoline.com\/fi\/petra-thoren-vauhdittamaan-elcolinen-yrityskauppavetoisen-strategian-toteuttamista\/\" target=\"_self\" >Petra Thor\u00e9n vauhdittamaan Elcolinen yrityskauppavetoisen strategian toteuttamista<\/a><\/h2>\n\n<div class=\"wp-block-post-excerpt\"><p class=\"wp-block-post-excerpt__excerpt\">Elcolinen uusi M&amp;A- ja strategiasta vastaava johtaja Petra Thor\u00e9n on aloittanut teht\u00e4v\u00e4ss\u00e4\u00e4n 1.8.2024. Thor\u00e9n vastaa Elcoline-konsernin yrityskauppaj\u00e4rjestelyist\u00e4 Suomessa ja Ruotsissa sek\u00e4 yhti\u00f6n strategian toteuttamisesta ja kehitt\u00e4misest\u00e4. H\u00e4nen teht\u00e4viins\u00e4 kuuluu my\u00f6s muita kehitt\u00e4mistoimia. Aiemmin Thor\u00e9n on toiminut muun muassa YIT:ll\u00e4 johtoryhm\u00e4n j\u00e4senen\u00e4, h\u00e4nell\u00e4 on vahva 12 vuoden kokemus toimialalta ja asiakassektorilta,&hellip;<\/p><p class=\"wp-block-post-excerpt__more-text\"><a class=\"wp-block-post-excerpt__more-link\" href=\"https:\/\/elcoline.com\/fi\/petra-thoren-vauhdittamaan-elcolinen-yrityskauppavetoisen-strategian-toteuttamista\/\">Lue lis\u00e4\u00e4<\/a><\/p><\/div><\/div>\n\n<\/li><\/ul><\/div>\n","protected":false},"excerpt":{"rendered":"","protected":false},"author":10,"featured_media":216,"parent":48257,"menu_order":0,"comment_status":"closed","ping_status":"closed","template":"","meta":{"footnotes":""},"class_list":["post-48450","page","type-page","status-publish","has-post-thumbnail","hentry"],"yoast_head":"<!-- This site is optimized with the Yoast SEO plugin v27.5 - https:\/\/yoast.com\/product\/yoast-seo-wordpress\/ -->\n<title>Uutiset - Elcoline Group<\/title>\n<meta name=\"robots\" content=\"index, follow, max-snippet:-1, max-image-preview:large, max-video-preview:-1\" \/>\n<link rel=\"canonical\" href=\"https:\/\/elcoline.com\/fi\/ajankohtaista\/uutiset\/\" \/>\n<meta property=\"og:locale\" content=\"fi_FI\" \/>\n<meta property=\"og:type\" content=\"article\" \/>\n<meta property=\"og:title\" content=\"Uutiset - Elcoline Group\" \/>\n<meta property=\"og:url\" content=\"https:\/\/elcoline.com\/fi\/ajankohtaista\/uutiset\/\" \/>\n<meta property=\"og:site_name\" content=\"Elcoline Group\" \/>\n<meta property=\"article:modified_time\" content=\"2025-09-12T12:05:40+00:00\" \/>\n<meta property=\"og:image\" content=\"https:\/\/elcoline.com\/wp-content\/uploads\/2025\/05\/DSC00288-scaled.jpg\" \/>\n\t<meta property=\"og:image:width\" content=\"2560\" \/>\n\t<meta property=\"og:image:height\" content=\"1706\" \/>\n\t<meta property=\"og:image:type\" content=\"image\/jpeg\" \/>\n<meta name=\"twitter:card\" content=\"summary_large_image\" \/>\n<script type=\"application\/ld+json\" class=\"yoast-schema-graph\">{\"@context\":\"https:\\\/\\\/schema.org\",\"@graph\":[{\"@type\":\"WebPage\",\"@id\":\"https:\\\/\\\/elcoline.com\\\/fi\\\/ajankohtaista\\\/uutiset\\\/\",\"url\":\"https:\\\/\\\/elcoline.com\\\/fi\\\/ajankohtaista\\\/uutiset\\\/\",\"name\":\"Uutiset - Elcoline Group\",\"isPartOf\":{\"@id\":\"https:\\\/\\\/elcoline.com\\\/fi\\\/#website\"},\"primaryImageOfPage\":{\"@id\":\"https:\\\/\\\/elcoline.com\\\/fi\\\/ajankohtaista\\\/uutiset\\\/#primaryimage\"},\"image\":{\"@id\":\"https:\\\/\\\/elcoline.com\\\/fi\\\/ajankohtaista\\\/uutiset\\\/#primaryimage\"},\"thumbnailUrl\":\"https:\\\/\\\/elcoline.com\\\/wp-content\\\/uploads\\\/2025\\\/05\\\/DSC00288-scaled.jpg\",\"datePublished\":\"2025-03-20T11:31:13+00:00\",\"dateModified\":\"2025-09-12T12:05:40+00:00\",\"breadcrumb\":{\"@id\":\"https:\\\/\\\/elcoline.com\\\/fi\\\/ajankohtaista\\\/uutiset\\\/#breadcrumb\"},\"inLanguage\":\"fi\",\"potentialAction\":[{\"@type\":\"ReadAction\",\"target\":[\"https:\\\/\\\/elcoline.com\\\/fi\\\/ajankohtaista\\\/uutiset\\\/\"]}]},{\"@type\":\"ImageObject\",\"inLanguage\":\"fi\",\"@id\":\"https:\\\/\\\/elcoline.com\\\/fi\\\/ajankohtaista\\\/uutiset\\\/#primaryimage\",\"url\":\"https:\\\/\\\/elcoline.com\\\/wp-content\\\/uploads\\\/2025\\\/05\\\/DSC00288-scaled.jpg\",\"contentUrl\":\"https:\\\/\\\/elcoline.com\\\/wp-content\\\/uploads\\\/2025\\\/05\\\/DSC00288-scaled.jpg\",\"width\":2560,\"height\":1706},{\"@type\":\"BreadcrumbList\",\"@id\":\"https:\\\/\\\/elcoline.com\\\/fi\\\/ajankohtaista\\\/uutiset\\\/#breadcrumb\",\"itemListElement\":[{\"@type\":\"ListItem\",\"position\":1,\"name\":\"Uutiset\",\"item\":\"https:\\\/\\\/elcoline.com\\\/fi\\\/ajankohtaista\\\/uutiset\\\/\"},{\"@type\":\"ListItem\",\"position\":2,\"name\":\"Uutiset\"}]},{\"@type\":\"WebSite\",\"@id\":\"https:\\\/\\\/elcoline.com\\\/fi\\\/#website\",\"url\":\"https:\\\/\\\/elcoline.com\\\/fi\\\/\",\"name\":\"Elcoline Group\",\"description\":\"\",\"potentialAction\":[{\"@type\":\"SearchAction\",\"target\":{\"@type\":\"EntryPoint\",\"urlTemplate\":\"https:\\\/\\\/elcoline.com\\\/fi\\\/?s={search_term_string}\"},\"query-input\":{\"@type\":\"PropertyValueSpecification\",\"valueRequired\":true,\"valueName\":\"search_term_string\"}}],\"inLanguage\":\"fi\"}]}<\/script>\n<!-- \/ Yoast SEO plugin. -->","yoast_head_json":{"title":"Uutiset - Elcoline Group","robots":{"index":"index","follow":"follow","max-snippet":"max-snippet:-1","max-image-preview":"max-image-preview:large","max-video-preview":"max-video-preview:-1"},"canonical":"https:\/\/elcoline.com\/fi\/ajankohtaista\/uutiset\/","og_locale":"fi_FI","og_type":"article","og_title":"Uutiset - Elcoline Group","og_url":"https:\/\/elcoline.com\/fi\/ajankohtaista\/uutiset\/","og_site_name":"Elcoline Group","article_modified_time":"2025-09-12T12:05:40+00:00","og_image":[{"width":2560,"height":1706,"url":"https:\/\/elcoline.com\/wp-content\/uploads\/2025\/05\/DSC00288-scaled.jpg","type":"image\/jpeg"}],"twitter_card":"summary_large_image","schema":{"@context":"https:\/\/schema.org","@graph":[{"@type":"WebPage","@id":"https:\/\/elcoline.com\/fi\/ajankohtaista\/uutiset\/","url":"https:\/\/elcoline.com\/fi\/ajankohtaista\/uutiset\/","name":"Uutiset - Elcoline Group","isPartOf":{"@id":"https:\/\/elcoline.com\/fi\/#website"},"primaryImageOfPage":{"@id":"https:\/\/elcoline.com\/fi\/ajankohtaista\/uutiset\/#primaryimage"},"image":{"@id":"https:\/\/elcoline.com\/fi\/ajankohtaista\/uutiset\/#primaryimage"},"thumbnailUrl":"https:\/\/elcoline.com\/wp-content\/uploads\/2025\/05\/DSC00288-scaled.jpg","datePublished":"2025-03-20T11:31:13+00:00","dateModified":"2025-09-12T12:05:40+00:00","breadcrumb":{"@id":"https:\/\/elcoline.com\/fi\/ajankohtaista\/uutiset\/#breadcrumb"},"inLanguage":"fi","potentialAction":[{"@type":"ReadAction","target":["https:\/\/elcoline.com\/fi\/ajankohtaista\/uutiset\/"]}]},{"@type":"ImageObject","inLanguage":"fi","@id":"https:\/\/elcoline.com\/fi\/ajankohtaista\/uutiset\/#primaryimage","url":"https:\/\/elcoline.com\/wp-content\/uploads\/2025\/05\/DSC00288-scaled.jpg","contentUrl":"https:\/\/elcoline.com\/wp-content\/uploads\/2025\/05\/DSC00288-scaled.jpg","width":2560,"height":1706},{"@type":"BreadcrumbList","@id":"https:\/\/elcoline.com\/fi\/ajankohtaista\/uutiset\/#breadcrumb","itemListElement":[{"@type":"ListItem","position":1,"name":"Uutiset","item":"https:\/\/elcoline.com\/fi\/ajankohtaista\/uutiset\/"},{"@type":"ListItem","position":2,"name":"Uutiset"}]},{"@type":"WebSite","@id":"https:\/\/elcoline.com\/fi\/#website","url":"https:\/\/elcoline.com\/fi\/","name":"Elcoline Group","description":"","potentialAction":[{"@type":"SearchAction","target":{"@type":"EntryPoint","urlTemplate":"https:\/\/elcoline.com\/fi\/?s={search_term_string}"},"query-input":{"@type":"PropertyValueSpecification","valueRequired":true,"valueName":"search_term_string"}}],"inLanguage":"fi"}]}},"pbg_featured_image_src":{"full":["https:\/\/elcoline.com\/wp-content\/uploads\/2025\/05\/DSC00288-scaled.jpg",2560,1706,false],"thumbnail":["https:\/\/elcoline.com\/wp-content\/uploads\/2025\/05\/DSC00288-150x150.jpg",150,150,true],"medium":["https:\/\/elcoline.com\/wp-content\/uploads\/2025\/05\/DSC00288-300x200.jpg",300,200,true],"medium_large":["https:\/\/elcoline.com\/wp-content\/uploads\/2025\/05\/DSC00288-768x512.jpg",768,512,true],"large":["https:\/\/elcoline.com\/wp-content\/uploads\/2025\/05\/DSC00288-1024x683.jpg",1024,683,true],"1536x1536":["https:\/\/elcoline.com\/wp-content\/uploads\/2025\/05\/DSC00288-1536x1024.jpg",1536,1024,true],"2048x2048":["https:\/\/elcoline.com\/wp-content\/uploads\/2025\/05\/DSC00288-2048x1365.jpg",2048,1365,true]},"pbg_author_info":{"display_name":"admin","author_link":"https:\/\/elcoline.com\/fi\/author\/admin\/","author_img":false},"pbg_comment_info":" No Comments","pbg_excerpt":null,"_links":{"self":[{"href":"https:\/\/elcoline.com\/fi\/wp-json\/wp\/v2\/pages\/48450","targetHints":{"allow":["GET"]}}],"collection":[{"href":"https:\/\/elcoline.com\/fi\/wp-json\/wp\/v2\/pages"}],"about":[{"href":"https:\/\/elcoline.com\/fi\/wp-json\/wp\/v2\/types\/page"}],"author":[{"embeddable":true,"href":"https:\/\/elcoline.com\/fi\/wp-json\/wp\/v2\/users\/10"}],"replies":[{"embeddable":true,"href":"https:\/\/elcoline.com\/fi\/wp-json\/wp\/v2\/comments?post=48450"}],"version-history":[{"count":1,"href":"https:\/\/elcoline.com\/fi\/wp-json\/wp\/v2\/pages\/48450\/revisions"}],"predecessor-version":[{"id":48451,"href":"https:\/\/elcoline.com\/fi\/wp-json\/wp\/v2\/pages\/48450\/revisions\/48451"}],"up":[{"embeddable":true,"href":"https:\/\/elcoline.com\/fi\/wp-json\/wp\/v2\/pages\/48257"}],"wp:featuredmedia":[{"embeddable":true,"href":"https:\/\/elcoline.com\/fi\/wp-json\/wp\/v2\/media\/216"}],"wp:attachment":[{"href":"https:\/\/elcoline.com\/fi\/wp-json\/wp\/v2\/media?parent=48450"}],"curies":[{"name":"wp","href":"https:\/\/api.w.org\/{rel}","templated":true}]}}