{"id":49649,"date":"2026-04-01T11:00:00","date_gmt":"2026-04-01T08:00:00","guid":{"rendered":"https:\/\/elcoline.com\/syotteet\/marko-luokkanen-nimitetty-talousjohtajaksi-ja-johtoryhman-jaseneksi-27-4\/"},"modified":"2026-04-09T16:17:54","modified_gmt":"2026-04-09T13:17:54","slug":"marko-luokkanen-nimitetty-talousjohtajaksi-ja-johtoryhman-jaseneksi-27-4","status":"publish","type":"syotteet","link":"https:\/\/elcoline.com\/fi\/syotteet\/marko-luokkanen-nimitetty-talousjohtajaksi-ja-johtoryhman-jaseneksi-27-4\/","title":{"rendered":"Marko Luokkanen nimitetty talousjohtajaksi ja johtoryhm\u00e4n j\u00e4seneksi 27.4."},"content":{"rendered":"<p>Teollisuuden teknisiin palveluihin erikoistunut Elcoline Group on nimitt\u00e4nyt KTM, eMBA <strong>Marko Luokkasen<\/strong> talousjohtajaksi ja johtoryhm\u00e4n j\u00e4seneksi 27.4. alkaen. Nimityksell\u00e4 Elcoline vahvistaa kasvustrategiansa toteutusta kaikissa konserniyhti\u00f6iss\u00e4 Suomessa ja Ruotsissa.<\/p>\n<p>Marko Luokkanen on ty\u00f6skennellyt suurimman osan yli 30-vuotisesta urastaan kansainv\u00e4lisiss\u00e4 talouden johtoteht\u00e4viss\u00e4 Andritzilla. H\u00e4nell\u00e4 on laaja kokemus liiketoiminnan tukemisesta, sopimushallinnasta ja tiedolla johtamisesta.<\/p>\n<p>\u201dElcoline on kasvanut viime vuosina merkitt\u00e4v\u00e4sti. Jatkaessamme m\u00e4\u00e4r\u00e4tietoista strategista uudistumista ja kasvua kohti 250 miljoonan euron liikevaihtoa, Marko on erinomainen valinta johtamaan taloutta\u201d, kertoo Elcoline-konsernin toimitusjohtaja <strong>Jere R\u00e4is\u00e4nen<\/strong>.<\/p>\n<p>&#8221;Elcolinen tarinaa l\u00e4helt\u00e4 seuranneena on kunnia p\u00e4\u00e4st\u00e4 tekem\u00e4\u00e4n ty\u00f6t\u00e4 osana tiimi\u00e4, joka on sitoutunut viem\u00e4\u00e4n yhti\u00f6t\u00e4 rohkeasti uuteen kasvun vaiheeseen. Kasvun hallinta ja yrityksen strateginen luoviminen muuttuneessa maailmantilanteessa tulee olemaan haastava mutta palkitseva matka\u201d, toteaa Marko Luokkanen itse.<\/p>\n<p>V\u00e4liaikaisena talousjohtajana 24.11.2025 l\u00e4htien toiminut <strong>Niko Haavisto<\/strong> j\u00e4tt\u00e4\u00e4 Elcolinen Luokkasen aloitettua, perehdytysjakson j\u00e4lkeen.<\/p>\n<p>Lis\u00e4tiedot:<\/p>\n<p>Jere R\u00e4is\u00e4nen, toimitusjohtaja, Elcoline Group Oy<br \/>puh. 044 5599 144, jere.raisanen@elcoline.com<\/p>","protected":false},"author":9,"featured_media":49650,"template":"","class_list":["post-49649","syotteet","type-syotteet","status-publish","has-post-thumbnail","hentry"],"yoast_head":"<!-- This site is optimized with the Yoast SEO plugin v27.5 - https:\/\/yoast.com\/product\/yoast-seo-wordpress\/ -->\n<title>Marko Luokkanen nimitetty talousjohtajaksi ja johtoryhm\u00e4n j\u00e4seneksi 27.4. - Elcoline Group<\/title>\n<meta name=\"robots\" content=\"index, follow, max-snippet:-1, max-image-preview:large, max-video-preview:-1\" \/>\n<link rel=\"canonical\" href=\"https:\/\/elcoline.com\/fi\/syotteet\/marko-luokkanen-nimitetty-talousjohtajaksi-ja-johtoryhman-jaseneksi-27-4\/\" \/>\n<meta property=\"og:locale\" content=\"fi_FI\" \/>\n<meta property=\"og:type\" content=\"article\" \/>\n<meta property=\"og:title\" content=\"Marko Luokkanen nimitetty talousjohtajaksi ja johtoryhm\u00e4n j\u00e4seneksi 27.4. - Elcoline Group\" \/>\n<meta property=\"og:description\" content=\"Teollisuuden teknisiin palveluihin erikoistunut Elcoline Group on nimitt\u00e4nyt KTM, eMBA Marko Luokkasen talousjohtajaksi ja johtoryhm\u00e4n j\u00e4seneksi 27.4. alkaen. Nimityksell\u00e4 Elcoline vahvistaa kasvustrategiansa toteutusta kaikissa konserniyhti\u00f6iss\u00e4 Suomessa ja Ruotsissa. Marko Luokkanen on ty\u00f6skennellyt suurimman osan yli 30-vuotisesta urastaan kansainv\u00e4lisiss\u00e4 talouden johtoteht\u00e4viss\u00e4 Andritzilla. H\u00e4nell\u00e4 on laaja kokemus liiketoiminnan tukemisesta, sopimushallinnasta ja tiedolla johtamisesta. \u201dElcoline on kasvanut viime [&hellip;]\" \/>\n<meta property=\"og:url\" content=\"https:\/\/elcoline.com\/fi\/syotteet\/marko-luokkanen-nimitetty-talousjohtajaksi-ja-johtoryhman-jaseneksi-27-4\/\" \/>\n<meta property=\"og:site_name\" content=\"Elcoline Group\" \/>\n<meta property=\"article:modified_time\" content=\"2026-04-09T13:17:54+00:00\" \/>\n<meta property=\"og:image\" content=\"https:\/\/elcoline.com\/wp-content\/uploads\/2026\/04\/luokkanen_marko_web-OELXlP.jpg\" \/>\n\t<meta property=\"og:image:width\" content=\"1024\" \/>\n\t<meta property=\"og:image:height\" content=\"1535\" \/>\n\t<meta property=\"og:image:type\" content=\"image\/jpeg\" \/>\n<meta name=\"twitter:card\" content=\"summary_large_image\" \/>\n<meta name=\"twitter:label1\" content=\"Arvioitu lukuaika\" \/>\n\t<meta name=\"twitter:data1\" content=\"1 minuutti\" \/>\n<script type=\"application\/ld+json\" class=\"yoast-schema-graph\">{\"@context\":\"https:\\\/\\\/schema.org\",\"@graph\":[{\"@type\":\"WebPage\",\"@id\":\"https:\\\/\\\/elcoline.com\\\/fi\\\/syotteet\\\/marko-luokkanen-nimitetty-talousjohtajaksi-ja-johtoryhman-jaseneksi-27-4\\\/\",\"url\":\"https:\\\/\\\/elcoline.com\\\/fi\\\/syotteet\\\/marko-luokkanen-nimitetty-talousjohtajaksi-ja-johtoryhman-jaseneksi-27-4\\\/\",\"name\":\"Marko Luokkanen nimitetty talousjohtajaksi ja johtoryhm\u00e4n j\u00e4seneksi 27.4. - Elcoline Group\",\"isPartOf\":{\"@id\":\"https:\\\/\\\/elcoline.com\\\/fi\\\/#website\"},\"primaryImageOfPage\":{\"@id\":\"https:\\\/\\\/elcoline.com\\\/fi\\\/syotteet\\\/marko-luokkanen-nimitetty-talousjohtajaksi-ja-johtoryhman-jaseneksi-27-4\\\/#primaryimage\"},\"image\":{\"@id\":\"https:\\\/\\\/elcoline.com\\\/fi\\\/syotteet\\\/marko-luokkanen-nimitetty-talousjohtajaksi-ja-johtoryhman-jaseneksi-27-4\\\/#primaryimage\"},\"thumbnailUrl\":\"https:\\\/\\\/elcoline.com\\\/wp-content\\\/uploads\\\/2026\\\/04\\\/luokkanen_marko_web-OELXlP.jpg\",\"datePublished\":\"2026-04-01T08:00:00+00:00\",\"dateModified\":\"2026-04-09T13:17:54+00:00\",\"breadcrumb\":{\"@id\":\"https:\\\/\\\/elcoline.com\\\/fi\\\/syotteet\\\/marko-luokkanen-nimitetty-talousjohtajaksi-ja-johtoryhman-jaseneksi-27-4\\\/#breadcrumb\"},\"inLanguage\":\"fi\",\"potentialAction\":[{\"@type\":\"ReadAction\",\"target\":[\"https:\\\/\\\/elcoline.com\\\/fi\\\/syotteet\\\/marko-luokkanen-nimitetty-talousjohtajaksi-ja-johtoryhman-jaseneksi-27-4\\\/\"]}]},{\"@type\":\"ImageObject\",\"inLanguage\":\"fi\",\"@id\":\"https:\\\/\\\/elcoline.com\\\/fi\\\/syotteet\\\/marko-luokkanen-nimitetty-talousjohtajaksi-ja-johtoryhman-jaseneksi-27-4\\\/#primaryimage\",\"url\":\"https:\\\/\\\/elcoline.com\\\/wp-content\\\/uploads\\\/2026\\\/04\\\/luokkanen_marko_web-OELXlP.jpg\",\"contentUrl\":\"https:\\\/\\\/elcoline.com\\\/wp-content\\\/uploads\\\/2026\\\/04\\\/luokkanen_marko_web-OELXlP.jpg\",\"width\":1024,\"height\":1535},{\"@type\":\"BreadcrumbList\",\"@id\":\"https:\\\/\\\/elcoline.com\\\/fi\\\/syotteet\\\/marko-luokkanen-nimitetty-talousjohtajaksi-ja-johtoryhman-jaseneksi-27-4\\\/#breadcrumb\",\"itemListElement\":[{\"@type\":\"ListItem\",\"position\":1,\"name\":\"Marko Luokkanen nimitetty talousjohtajaksi ja johtoryhm\u00e4n j\u00e4seneksi 27.4.\",\"item\":\"https:\\\/\\\/elcoline.com\\\/fi\\\/syotteet\\\/marko-luokkanen-nimitetty-talousjohtajaksi-ja-johtoryhman-jaseneksi-27-4\\\/\"},{\"@type\":\"ListItem\",\"position\":2,\"name\":\"Marko Luokkanen nimitetty talousjohtajaksi ja johtoryhm\u00e4n j\u00e4seneksi 27.4.\"}]},{\"@type\":\"WebSite\",\"@id\":\"https:\\\/\\\/elcoline.com\\\/fi\\\/#website\",\"url\":\"https:\\\/\\\/elcoline.com\\\/fi\\\/\",\"name\":\"Elcoline Group\",\"description\":\"\",\"potentialAction\":[{\"@type\":\"SearchAction\",\"target\":{\"@type\":\"EntryPoint\",\"urlTemplate\":\"https:\\\/\\\/elcoline.com\\\/fi\\\/?s={search_term_string}\"},\"query-input\":{\"@type\":\"PropertyValueSpecification\",\"valueRequired\":true,\"valueName\":\"search_term_string\"}}],\"inLanguage\":\"fi\"}]}<\/script>\n<!-- \/ Yoast SEO plugin. -->","yoast_head_json":{"title":"Marko Luokkanen nimitetty talousjohtajaksi ja johtoryhm\u00e4n j\u00e4seneksi 27.4. - Elcoline Group","robots":{"index":"index","follow":"follow","max-snippet":"max-snippet:-1","max-image-preview":"max-image-preview:large","max-video-preview":"max-video-preview:-1"},"canonical":"https:\/\/elcoline.com\/fi\/syotteet\/marko-luokkanen-nimitetty-talousjohtajaksi-ja-johtoryhman-jaseneksi-27-4\/","og_locale":"fi_FI","og_type":"article","og_title":"Marko Luokkanen nimitetty talousjohtajaksi ja johtoryhm\u00e4n j\u00e4seneksi 27.4. - Elcoline Group","og_description":"Teollisuuden teknisiin palveluihin erikoistunut Elcoline Group on nimitt\u00e4nyt KTM, eMBA Marko Luokkasen talousjohtajaksi ja johtoryhm\u00e4n j\u00e4seneksi 27.4. alkaen. Nimityksell\u00e4 Elcoline vahvistaa kasvustrategiansa toteutusta kaikissa konserniyhti\u00f6iss\u00e4 Suomessa ja Ruotsissa. Marko Luokkanen on ty\u00f6skennellyt suurimman osan yli 30-vuotisesta urastaan kansainv\u00e4lisiss\u00e4 talouden johtoteht\u00e4viss\u00e4 Andritzilla. H\u00e4nell\u00e4 on laaja kokemus liiketoiminnan tukemisesta, sopimushallinnasta ja tiedolla johtamisesta. \u201dElcoline on kasvanut viime [&hellip;]","og_url":"https:\/\/elcoline.com\/fi\/syotteet\/marko-luokkanen-nimitetty-talousjohtajaksi-ja-johtoryhman-jaseneksi-27-4\/","og_site_name":"Elcoline Group","article_modified_time":"2026-04-09T13:17:54+00:00","og_image":[{"width":1024,"height":1535,"url":"https:\/\/elcoline.com\/wp-content\/uploads\/2026\/04\/luokkanen_marko_web-OELXlP.jpg","type":"image\/jpeg"}],"twitter_card":"summary_large_image","twitter_misc":{"Arvioitu lukuaika":"1 minuutti"},"schema":{"@context":"https:\/\/schema.org","@graph":[{"@type":"WebPage","@id":"https:\/\/elcoline.com\/fi\/syotteet\/marko-luokkanen-nimitetty-talousjohtajaksi-ja-johtoryhman-jaseneksi-27-4\/","url":"https:\/\/elcoline.com\/fi\/syotteet\/marko-luokkanen-nimitetty-talousjohtajaksi-ja-johtoryhman-jaseneksi-27-4\/","name":"Marko Luokkanen nimitetty talousjohtajaksi ja johtoryhm\u00e4n j\u00e4seneksi 27.4. - Elcoline Group","isPartOf":{"@id":"https:\/\/elcoline.com\/fi\/#website"},"primaryImageOfPage":{"@id":"https:\/\/elcoline.com\/fi\/syotteet\/marko-luokkanen-nimitetty-talousjohtajaksi-ja-johtoryhman-jaseneksi-27-4\/#primaryimage"},"image":{"@id":"https:\/\/elcoline.com\/fi\/syotteet\/marko-luokkanen-nimitetty-talousjohtajaksi-ja-johtoryhman-jaseneksi-27-4\/#primaryimage"},"thumbnailUrl":"https:\/\/elcoline.com\/wp-content\/uploads\/2026\/04\/luokkanen_marko_web-OELXlP.jpg","datePublished":"2026-04-01T08:00:00+00:00","dateModified":"2026-04-09T13:17:54+00:00","breadcrumb":{"@id":"https:\/\/elcoline.com\/fi\/syotteet\/marko-luokkanen-nimitetty-talousjohtajaksi-ja-johtoryhman-jaseneksi-27-4\/#breadcrumb"},"inLanguage":"fi","potentialAction":[{"@type":"ReadAction","target":["https:\/\/elcoline.com\/fi\/syotteet\/marko-luokkanen-nimitetty-talousjohtajaksi-ja-johtoryhman-jaseneksi-27-4\/"]}]},{"@type":"ImageObject","inLanguage":"fi","@id":"https:\/\/elcoline.com\/fi\/syotteet\/marko-luokkanen-nimitetty-talousjohtajaksi-ja-johtoryhman-jaseneksi-27-4\/#primaryimage","url":"https:\/\/elcoline.com\/wp-content\/uploads\/2026\/04\/luokkanen_marko_web-OELXlP.jpg","contentUrl":"https:\/\/elcoline.com\/wp-content\/uploads\/2026\/04\/luokkanen_marko_web-OELXlP.jpg","width":1024,"height":1535},{"@type":"BreadcrumbList","@id":"https:\/\/elcoline.com\/fi\/syotteet\/marko-luokkanen-nimitetty-talousjohtajaksi-ja-johtoryhman-jaseneksi-27-4\/#breadcrumb","itemListElement":[{"@type":"ListItem","position":1,"name":"Marko Luokkanen nimitetty talousjohtajaksi ja johtoryhm\u00e4n j\u00e4seneksi 27.4.","item":"https:\/\/elcoline.com\/fi\/syotteet\/marko-luokkanen-nimitetty-talousjohtajaksi-ja-johtoryhman-jaseneksi-27-4\/"},{"@type":"ListItem","position":2,"name":"Marko Luokkanen nimitetty talousjohtajaksi ja johtoryhm\u00e4n j\u00e4seneksi 27.4."}]},{"@type":"WebSite","@id":"https:\/\/elcoline.com\/fi\/#website","url":"https:\/\/elcoline.com\/fi\/","name":"Elcoline Group","description":"","potentialAction":[{"@type":"SearchAction","target":{"@type":"EntryPoint","urlTemplate":"https:\/\/elcoline.com\/fi\/?s={search_term_string}"},"query-input":{"@type":"PropertyValueSpecification","valueRequired":true,"valueName":"search_term_string"}}],"inLanguage":"fi"}]}},"pbg_featured_image_src":{"full":["https:\/\/elcoline.com\/wp-content\/uploads\/2026\/04\/luokkanen_marko_web-OELXlP.jpg",1024,1535,false],"thumbnail":["https:\/\/elcoline.com\/wp-content\/uploads\/2026\/04\/luokkanen_marko_web-OELXlP-150x150.jpg",150,150,true],"medium":["https:\/\/elcoline.com\/wp-content\/uploads\/2026\/04\/luokkanen_marko_web-OELXlP-200x300.jpg",200,300,true],"medium_large":["https:\/\/elcoline.com\/wp-content\/uploads\/2026\/04\/luokkanen_marko_web-OELXlP-768x1151.jpg",768,1151,true],"large":["https:\/\/elcoline.com\/wp-content\/uploads\/2026\/04\/luokkanen_marko_web-OELXlP-683x1024.jpg",683,1024,true],"1536x1536":["https:\/\/elcoline.com\/wp-content\/uploads\/2026\/04\/luokkanen_marko_web-OELXlP.jpg",1024,1535,false],"2048x2048":["https:\/\/elcoline.com\/wp-content\/uploads\/2026\/04\/luokkanen_marko_web-OELXlP.jpg",1024,1535,false]},"pbg_author_info":{"display_name":"Jari Huttunen","author_link":"https:\/\/elcoline.com\/fi\/author\/jari\/","author_img":false},"pbg_comment_info":" No Comments","pbg_excerpt":"Teollisuuden teknisiin palveluihin erikoistunut Elcoline Group on nimitt\u00e4nyt KTM, eMBA Marko Luokkasen talousjohtajaksi ja johtoryhm\u00e4n j\u00e4seneksi 27.4. alkaen. Nimityksell\u00e4 Elcoline vahvistaa kasvustrategiansa toteutusta kaikissa konserniyhti\u00f6iss\u00e4 Suomessa ja Ruotsissa. Marko Luokkanen on ty\u00f6skennellyt suurimman osan yli 30-vuotisesta urastaan kansainv\u00e4lisiss\u00e4 talouden johtoteht\u00e4viss\u00e4 Andritzilla. H\u00e4nell\u00e4 on laaja kokemus liiketoiminnan tukemisesta, sopimushallinnasta ja tiedolla johtamisesta. \u201dElcoline on kasvanut viime&hellip;","_links":{"self":[{"href":"https:\/\/elcoline.com\/fi\/wp-json\/wp\/v2\/syotteet\/49649","targetHints":{"allow":["GET"]}}],"collection":[{"href":"https:\/\/elcoline.com\/fi\/wp-json\/wp\/v2\/syotteet"}],"about":[{"href":"https:\/\/elcoline.com\/fi\/wp-json\/wp\/v2\/types\/syotteet"}],"author":[{"embeddable":true,"href":"https:\/\/elcoline.com\/fi\/wp-json\/wp\/v2\/users\/9"}],"wp:featuredmedia":[{"embeddable":true,"href":"https:\/\/elcoline.com\/fi\/wp-json\/wp\/v2\/media\/49650"}],"wp:attachment":[{"href":"https:\/\/elcoline.com\/fi\/wp-json\/wp\/v2\/media?parent=49649"}],"curies":[{"name":"wp","href":"https:\/\/api.w.org\/{rel}","templated":true}]}}